{"id":391,"date":"2025-06-21T19:56:37","date_gmt":"2025-06-21T19:56:37","guid":{"rendered":"https:\/\/test-icubo.udd.clindex.php\/interdisciplina-2\/"},"modified":"2025-11-03T05:45:50","modified_gmt":"2025-11-03T05:45:50","slug":"interdisciplina-2","status":"publish","type":"page","link":"https:\/\/test-icubo.udd.cl\/index.php\/interdisciplina-2\/","title":{"rendered":"Interdisciplina"},"content":{"rendered":"<p>[et_pb_section fb_built=\u00bb1&#8243; admin_label=\u00bbSection 1 &#8211; Header \u00bb _builder_version=\u00bb4.17.1&#8243; background_color=\u00bbRGBA(255,255,255,0)\u00bb z_index=\u00bb99999&#8243; overflow-x=\u00bbhidden\u00bb overflow-y=\u00bbhidden\u00bb custom_padding=\u00bb0px||0px||true|false\u00bb animation_style=\u00bbfade\u00bb da_disable_devices=\u00bboff|off|off\u00bb global_colors_info=\u00bb{}\u00bb da_is_popup=\u00bboff\u00bb da_exit_intent=\u00bboff\u00bb da_has_close=\u00bbon\u00bb da_alt_close=\u00bboff\u00bb da_dark_close=\u00bboff\u00bb da_not_modal=\u00bbon\u00bb da_is_singular=\u00bboff\u00bb da_with_loader=\u00bboff\u00bb da_has_shadow=\u00bbon\u00bb][et_pb_row column_structure=\u00bb1_3,1_3,1_3&#8243; use_custom_gutter=\u00bbon\u00bb gutter_width=\u00bb2&#8243; make_equal=\u00bbon\u00bb custom_padding_last_edited=\u00bbon|phone\u00bb disabled_on=\u00bbon|off|off\u00bb admin_label=\u00bbRow 1 &#8211; Logo, Menu Column 1, Menu Column 2,  Social Icon and CSS \u00bb _builder_version=\u00bb4.27.4&#8243; background_color=\u00bbRGBA(255,255,255,0)\u00bb width=\u00bb100%\u00bb width_phone=\u00bb90%\u00bb width_last_edited=\u00bboff|desktop\u00bb max_width=\u00bb97%\u00bb max_width_tablet=\u00bb98%\u00bb max_width_phone=\u00bb98%\u00bb max_width_last_edited=\u00bbon|tablet\u00bb custom_margin=\u00bb||||false|false\u00bb custom_padding=\u00bb17px||2px||false|false\u00bb custom_padding_tablet=\u00bb7px|||12px|false|false\u00bb custom_padding_phone=\u00bb2px||||false|false\u00bb custom_css_main_element=\u00bbdisplay:flex;\u00bb global_colors_info=\u00bb{}\u00bb][et_pb_column type=\u00bb1_3&#8243; admin_label=\u00bbMenu &#038; Logo Column\u00bb _builder_version=\u00bb4.16&#8243; z_index=\u00bb999999&#8243; global_colors_info=\u00bb{}\u00bb][\/et_pb_column][et_pb_column type=\u00bb1_3&#8243; _builder_version=\u00bb4.16&#8243; global_colors_info=\u00bb{}\u00bb][\/et_pb_column][et_pb_column type=\u00bb1_3&#8243; _builder_version=\u00bb4.16&#8243; global_colors_info=\u00bb{}\u00bb][\/et_pb_column][\/et_pb_row][\/et_pb_section][et_pb_section fb_built=\u00bb1&#8243; fullwidth=\u00bbon\u00bb disabled_on=\u00bbon|on|on\u00bb admin_label=\u00bbSection 2 &#8211; Fullwidth Slider and CSS\u00bb _builder_version=\u00bb4.27.4&#8243; _module_preset=\u00bbdefault\u00bb custom_margin=\u00bb-136px||||false|false\u00bb da_disable_devices=\u00bboff|off|off\u00bb disabled=\u00bbon\u00bb global_colors_info=\u00bb{}\u00bb da_is_popup=\u00bboff\u00bb da_exit_intent=\u00bboff\u00bb da_has_close=\u00bbon\u00bb da_alt_close=\u00bboff\u00bb da_dark_close=\u00bboff\u00bb da_not_modal=\u00bbon\u00bb da_is_singular=\u00bboff\u00bb da_with_loader=\u00bboff\u00bb da_has_shadow=\u00bbon\u00bb][et_pb_fullwidth_slider show_arrows=\u00bboff\u00bb dot_nav_custom_color=\u00bb#FFFFFF\u00bb _builder_version=\u00bb4.27.4&#8243; _module_preset=\u00bbdefault\u00bb header_font=\u00bbRaleway|700|||||||\u00bb header_font_size=\u00bb75px\u00bb body_font=\u00bbOpen Sans|700|||||||\u00bb background_color=\u00bb#adadad\u00bb use_background_color_gradient=\u00bbon\u00bb background_color_gradient_stops=\u00bbrgba(0,0,0,0.5) 0%|rgba(0,0,0,0.66) 100%\u00bb background_color_gradient_overlays_image=\u00bbon\u00bb background_enable_video_mp4=\u00bboff\u00bb text_orientation=\u00bbleft\u00bb min_height=\u00bb100vh\u00bb custom_padding=\u00bb276px|||||\u00bb auto=\u00bbon\u00bb auto_ignore_hover=\u00bbon\u00bb header_font_size_tablet=\u00bb75px\u00bb header_font_size_phone=\u00bb13vw\u00bb header_font_size_last_edited=\u00bbon|desktop\u00bb custom_css_slide_description=\u00bbtext-shadow:none;\u00bb custom_css_slide_title=\u00bbtext-shadow:none;||max-width:500px;||position:absolute;||right:11vw;||word-wrap:normal;\u00bb global_colors_info=\u00bb{}\u00bb custom_css_slide_title_last_edited=\u00bbon|phone\u00bb custom_css_slide_title_tablet=\u00bbtext-shadow:none;||max-width:500px;||position:absolute;||right:22vw;||word-wrap:normal;\u00bb custom_css_slide_title_phone=\u00bbtext-shadow:none;||max-width:500px;||position:absolute;||right:11vw;||word-wrap:normal;\u00bb][et_pb_slide heading=\u00bbInterdisciplina\u00bb _builder_version=\u00bb4.27.4&#8243; _module_preset=\u00bbdefault\u00bb header_level=\u00bbh2&#8243; header_font=\u00bb&#8211;et_global_body_font|900|||||||\u00bb header_font_size=\u00bb58px\u00bb background_color=\u00bb#adadad\u00bb background_enable_color=\u00bbon\u00bb use_background_color_gradient=\u00bbon\u00bb background_color_gradient_stops=\u00bbrgba(79,79,79,0.66) 0%|rgba(10,0,0,0.47) 100%\u00bb background_image=\u00bbhttps:\/\/test-icubo.udd.clwp-content\/uploads\/2025\/06\/Imagen-UDD-6-1000&#215;668-1.jpg\u00bb background_enable_image=\u00bbon\u00bb header_font_size_tablet=\u00bb58px\u00bb header_font_size_phone=\u00bb35px\u00bb header_font_size_last_edited=\u00bbon|phone\u00bb custom_css_before=\u00bbcontent:\u00bb;||color:rgba(255,255,255,0.27);||font-size:500px;||font-family:&#8217;Open Sans&#8217;;||font-weight:700;||position:absolute;||top:50%;||left:0%;||\u00bb global_colors_info=\u00bb{}\u00bb sticky_transition=\u00bbon\u00bb][\/et_pb_slide][\/et_pb_fullwidth_slider][et_pb_fullwidth_code admin_label=\u00bbCSS\u00bb _builder_version=\u00bb4.16&#8243; _module_preset=\u00bbdefault\u00bb global_colors_info=\u00bb{}\u00bb]<\/p>\n<style><!-- [et_pb_line_break_holder] -->.et_pb_fullwidth_slider_0 > div > a{<!-- [et_pb_line_break_holder] -->\twidth:37px;<!-- [et_pb_line_break_holder] -->\theight:7px;<!-- [et_pb_line_break_holder] -->\tborder-radius:0px;<!-- [et_pb_line_break_holder] -->\tposition:relative;<!-- [et_pb_line_break_holder] -->\tbottom:30px;<!-- [et_pb_line_break_holder] -->\tleft:-30vw;\t<!-- [et_pb_line_break_holder] -->}<!-- [et_pb_line_break_holder] --><!-- [et_pb_line_break_holder] --><\/style>\n<p>[\/et_pb_fullwidth_code][\/et_pb_section][et_pb_section fb_built=\u00bb1&#8243; fullwidth=\u00bbon\u00bb _builder_version=\u00bb4.27.4&#8243; _module_preset=\u00bbdefault\u00bb da_disable_devices=\u00bboff|off|off\u00bb global_colors_info=\u00bb{}\u00bb da_is_popup=\u00bboff\u00bb da_exit_intent=\u00bboff\u00bb da_has_close=\u00bbon\u00bb da_alt_close=\u00bboff\u00bb da_dark_close=\u00bboff\u00bb da_not_modal=\u00bbon\u00bb da_is_singular=\u00bboff\u00bb da_with_loader=\u00bboff\u00bb da_has_shadow=\u00bbon\u00bb][et_pb_fullwidth_slider _builder_version=\u00bb4.27.4&#8243; _module_preset=\u00bbdefault\u00bb custom_margin=\u00bb-103px|||||\u00bb custom_padding=\u00bb||244px|||\u00bb global_colors_info=\u00bb{}\u00bb][et_pb_slide heading=\u00bbInterdisciplina\u00bb _builder_version=\u00bb4.27.4&#8243; _module_preset=\u00bbdefault\u00bb header_font=\u00bb&#8211;et_global_body_font|900|||||||\u00bb header_font_size=\u00bb61px\u00bb background_color=\u00bbrgba(0,0,0,0.51)\u00bb background_enable_color=\u00bbon\u00bb background_image=\u00bbhttps:\/\/test-icubo.udd.clwp-content\/uploads\/2025\/06\/Imagen-UDD-6-1000&#215;668-1.jpg\u00bb background_enable_image=\u00bbon\u00bb background_blend=\u00bbmultiply\u00bb global_colors_info=\u00bb{}\u00bb sticky_transition=\u00bbon\u00bb][\/et_pb_slide][\/et_pb_fullwidth_slider][\/et_pb_section][et_pb_section fb_built=\u00bb1&#8243; _builder_version=\u00bb4.27.4&#8243; _module_preset=\u00bbdefault\u00bb custom_padding=\u00bb6px||0px|||\u00bb da_disable_devices=\u00bboff|off|off\u00bb global_colors_info=\u00bb{}\u00bb da_is_popup=\u00bboff\u00bb da_exit_intent=\u00bboff\u00bb da_has_close=\u00bbon\u00bb da_alt_close=\u00bboff\u00bb da_dark_close=\u00bboff\u00bb da_not_modal=\u00bbon\u00bb da_is_singular=\u00bboff\u00bb da_with_loader=\u00bboff\u00bb da_has_shadow=\u00bbon\u00bb][et_pb_row column_structure=\u00bb1_2,1_2&#8243; _builder_version=\u00bb4.27.4&#8243; _module_preset=\u00bbdefault\u00bb locked=\u00bboff\u00bb global_colors_info=\u00bb{}\u00bb][et_pb_column type=\u00bb1_2&#8243; _builder_version=\u00bb4.27.4&#8243; _module_preset=\u00bbdefault\u00bb global_colors_info=\u00bb{}\u00bb][et_pb_text _builder_version=\u00bb4.27.4&#8243; _module_preset=\u00bbdefault\u00bb header_4_font=\u00bb&#8211;et_global_heading_font|700||on|||||\u00bb header_4_text_align=\u00bbcenter\u00bb header_4_text_color=\u00bb#000000&#8243; header_4_font_size=\u00bb16px\u00bb custom_margin=\u00bb12px||12px|||\u00bb global_colors_info=\u00bb{}\u00bb]<\/p>\n<h4 style=\"text-align: left;\">\u00bfQu\u00e9 es?<\/h4>\n<p>[\/et_pb_text][et_pb_text _builder_version=\u00bb4.27.4&#8243; _module_preset=\u00bbdefault\u00bb header_font=\u00bb&#8211;et_global_heading_font|800|||||||\u00bb header_text_align=\u00bbcenter\u00bb header_text_color=\u00bb#000000&#8243; header_font_size=\u00bb47px\u00bb header_line_height=\u00bb1.1em\u00bb header_4_font=\u00bb&#8211;et_global_heading_font|700||on|||||\u00bb header_4_text_color=\u00bb#000000&#8243; header_4_font_size=\u00bb16px\u00bb custom_margin=\u00bb24px||43px|||\u00bb header_font_size_tablet=\u00bb47px\u00bb header_font_size_phone=\u00bb35px\u00bb header_font_size_last_edited=\u00bbon|phone\u00bb global_colors_info=\u00bb{}\u00bb]<\/p>\n<h1 style=\"text-align: left;\">Interdisciplina<\/h1>\n<p>[\/et_pb_text][et_pb_text _builder_version=\u00bb4.27.4&#8243; _module_preset=\u00bbdefault\u00bb text_font=\u00bb&#8211;et_global_body_font||||||||\u00bb text_text_color=\u00bb#000000&#8243; text_orientation=\u00bbcenter\u00bb custom_margin=\u00bb-11px|||||\u00bb global_colors_info=\u00bb{}\u00bb]<\/p>\n<p data-start=\"77\" data-end=\"389\" style=\"text-align: justify;\">La <strong data-start=\"80\" data-end=\"99\">interdisciplina<\/strong> es <span data-contrast=\"none\">uno de los pilares de <strong>UDD Futuro<\/strong> y se entiende como la formaci\u00f3n basada en la efectiva interacci\u00f3n entre diversas \u00e1reas del conocimiento. Por tanto, es el producto de un dise\u00f1o intencionado para generar actividades acad\u00e9micas de manera conjunta y colaborativa, que apuntan a la integraci\u00f3n de conocimientos provenientes de m\u00faltiples disciplinas como principal medio de aprendizaje.<\/span><span data-ccp-props=\"{&quot;201341983&quot;:0,&quot;335559740&quot;:257}\">\u00a0<\/span><\/p>\n<p style=\"text-align: justify;\"><span data-contrast=\"none\">La UDD reconoce un valor relevante en el trabajo interdisciplinario para la formaci\u00f3n, creaci\u00f3n y transferencia del conocimiento, integrando visiones diversas que dialogan con flexibilidad y confianza para abordar desaf\u00edos presentes y futuros.<\/span><span data-ccp-props=\"{&quot;201341983&quot;:0,&quot;335559740&quot;:257}\">\u00a0<\/span><\/p>\n<p>[\/et_pb_text][\/et_pb_column][et_pb_column type=\u00bb1_2&#8243; _builder_version=\u00bb4.27.4&#8243; _module_preset=\u00bbdefault\u00bb global_colors_info=\u00bb{}\u00bb][et_pb_video_slider _builder_version=\u00bb4.27.4&#8243; _module_preset=\u00bbdefault\u00bb global_colors_info=\u00bb{}\u00bb][et_pb_video_slider_item src=\u00bbhttps:\/\/www.youtube.com\/watch?v=yz-ilek8XQs\u00bb _builder_version=\u00bb4.27.4&#8243; _module_preset=\u00bbdefault\u00bb global_colors_info=\u00bb{}\u00bb show_image_overlay=\u00bboff\u00bb][\/et_pb_video_slider_item][\/et_pb_video_slider][\/et_pb_column][\/et_pb_row][\/et_pb_section][et_pb_section fb_built=\u00bb1&#8243; _builder_version=\u00bb4.27.4&#8243; _module_preset=\u00bbdefault\u00bb background_image=\u00bbhttps:\/\/test-icubo.udd.clwp-content\/uploads\/2025\/07\/fondo1.png\u00bb parallax=\u00bbon\u00bb custom_padding=\u00bb0px|||||\u00bb da_disable_devices=\u00bboff|off|off\u00bb global_colors_info=\u00bb{}\u00bb da_is_popup=\u00bboff\u00bb da_exit_intent=\u00bboff\u00bb da_has_close=\u00bbon\u00bb da_alt_close=\u00bboff\u00bb da_dark_close=\u00bboff\u00bb da_not_modal=\u00bbon\u00bb da_is_singular=\u00bboff\u00bb da_with_loader=\u00bboff\u00bb da_has_shadow=\u00bbon\u00bb][et_pb_row column_structure=\u00bb1_2,1_2&#8243; _builder_version=\u00bb4.27.4&#8243; _module_preset=\u00bbdefault\u00bb global_colors_info=\u00bb{}\u00bb][et_pb_column type=\u00bb1_2&#8243; _builder_version=\u00bb4.27.4&#8243; _module_preset=\u00bbdefault\u00bb global_colors_info=\u00bb{}\u00bb][et_pb_accordion _builder_version=\u00bb4.27.4&#8243; _module_preset=\u00bbdefault\u00bb global_colors_info=\u00bb{}\u00bb][et_pb_accordion_item title=\u00bbQUIENES SOMOS\u00bb open=\u00bbon\u00bb _builder_version=\u00bb4.27.4&#8243; _module_preset=\u00bbdefault\u00bb global_colors_info=\u00bb{}\u00bb]<\/p>\n<p style=\"text-align: justify;\"><span data-contrast=\"none\">Como Instituto de Innovaci\u00f3n e Interdisciplina\u00a0iCubo\u00a0<strong>dise\u00f1amos, gestionamos\u00a0y\u00a0implementamos<\/strong> proyectos y programas acad\u00e9micos para el desarrollo de la interdisciplina, tanto en estudiantes como en docentes de la comunidad UDD. <\/span><\/p>\n<p style=\"text-align: justify;\"><span data-contrast=\"none\">Esta oferta acad\u00e9mica se establece en pregrado con diversas figuras curriculares como lo son los\u00a0Labs\u00a0interdisciplinarios, Semana i, Cursos\u00a0Track\u00a0ID y\u00a0dLab, entre otros.\u00a0<\/span><span data-ccp-props=\"{&quot;201341983&quot;:0,&quot;335559740&quot;:257}\">\u00a0<\/span><\/p>\n<p style=\"text-align: justify;\"><span data-contrast=\"none\">Creemos que la capacitaci\u00f3n docente para el desarrollo de habilidades interdisciplinarias en los estudiantes es fundamental, por lo que, ofrecemos diversas instancias de formaci\u00f3n como lo son el Diplomado en Educaci\u00f3n Interdisciplinaria, Talleres de Docencia Interdisciplinaria (conducente a\u00a0microcredencial), capacitaciones para docentes\u00a0Lab\u00a0y Semana i.<\/span><span data-ccp-props=\"{&quot;201341983&quot;:0,&quot;335559740&quot;:257}\">\u00a0<\/span><\/p>\n<p style=\"text-align: justify;\"><span data-contrast=\"none\">Para iCubo es de gran relevancia estar articulados con las distintas facultades y unidades transversales como son el Centro de Innovaci\u00f3n docente (CID) y la Direcci\u00f3n de Formaci\u00f3n Extradisciplinar (DFED), por lo que, trabajamos de manera coordinada y mancomunada en la generaci\u00f3n de nuevas ofertas acad\u00e9micas para intencionar la interdisciplina en la diversidad de programas existentes en la UDD.<\/span><span data-ccp-props=\"{&quot;335559685&quot;:0}\">\u00a0<\/span><\/p>\n<p>[\/et_pb_accordion_item][et_pb_accordion_item title=\u00bbQU\u00c9 HACEMOS\u00bb _builder_version=\u00bb4.27.4&#8243; _module_preset=\u00bbdefault\u00bb global_colors_info=\u00bb{}\u00bb open=\u00bboff\u00bb]<\/p>\n<p style=\"text-align: justify;\">En <strong data-start=\"95\" data-end=\"108\">iCubo UDD<\/strong> impulsamos una <strong data-start=\"124\" data-end=\"167\">cultura de innovaci\u00f3n e interdisciplina<\/strong> a trav\u00e9s de programas acad\u00e9micos, proyectos con empresas y experiencias formativas que conectan a estudiantes, docentes y organizaciones.<\/p>\n<p style=\"text-align: justify;\">Desarrollamos iniciativas de <strong data-start=\"335\" data-end=\"347\">pregrado<\/strong> como <strong data-start=\"353\" data-end=\"361\">dLab<\/strong> y los <strong data-start=\"368\" data-end=\"396\">Labs Interdisciplinarios<\/strong>, programas internacionales como <strong data-start=\"429\" data-end=\"444\">dLab Global<\/strong>, y en el \u00e1mbito de <strong data-start=\"464\" data-end=\"486\">educaci\u00f3n continua<\/strong> ofrecemos el Diplomado en Educaci\u00f3n Interdisciplinaria.<\/p>\n<p style=\"text-align: justify;\">Nuestro objetivo es <strong data-start=\"570\" data-end=\"649\">formar profesionales capaces de colaborar, innovar y transformar realidades<\/strong> en un mundo en constante cambio.<\/p>\n<p>[\/et_pb_accordion_item][\/et_pb_accordion][\/et_pb_column][et_pb_column type=\u00bb1_2&#8243; _builder_version=\u00bb4.27.4&#8243; _module_preset=\u00bbdefault\u00bb global_colors_info=\u00bb{}\u00bb][et_pb_countdown_timer title=\u00bb4\u00b0 Foro Internacional Interdisciplina iCubo UDD\u00bb date_time=\u00bb2025-12-04 08:30&#8243; _builder_version=\u00bb4.27.4&#8243; _module_preset=\u00bbdefault\u00bb background_color=\u00bb#00aace\u00bb box_shadow_style=\u00bbpreset1&#8243; global_colors_info=\u00bb{}\u00bb][\/et_pb_countdown_timer][et_pb_slider _builder_version=\u00bb4.27.4&#8243; _module_preset=\u00bbdefault\u00bb button_icon=\u00bb&#x3b;||divi||400&#8243; global_colors_info=\u00bb{}\u00bb][et_pb_slide heading=\u00bb4\u00b0 Foro Internacional Interdisciplina UDD\u00bb button_text=\u00bbM\u00e1s Informaci\u00f3n\u00bb button_link=\u00bbhttps:\/\/postgrados.udd.cl\/programas\/4o-foro-internacional-de-interdisciplina-icubo-233674\/#!\/inscripcion\/\u00bb use_bg_overlay=\u00bboff\u00bb use_text_overlay=\u00bbon\u00bb text_overlay_color=\u00bb#00aace\u00bb _builder_version=\u00bb4.27.4&#8243; _module_preset=\u00bbdefault\u00bb background_image=\u00bbhttps:\/\/test-icubo.udd.clwp-content\/uploads\/2025\/08\/1748269204621.jpeg\u00bb background_enable_image=\u00bbon\u00bb custom_button=\u00bbon\u00bb button_text_size=\u00bb15px\u00bb button_text_color=\u00bb#FFFFFF\u00bb button_bg_color=\u00bb#00aace\u00bb width=\u00bb91%\u00bb global_colors_info=\u00bb{}\u00bb sticky_transition=\u00bbon\u00bb]<\/p>\n<p style=\"text-align: justify;\">El Instituto de Innovaci\u00f3n e Interdisciplina de la Universidad del Desarrollo (iCubo) lo invita cordialmente a participar en el<span>\u00a0<\/span><strong>4\u00b0 Foro Internacional de Interdisciplina UDD<\/strong>.<\/p>\n<p style=\"text-align: justify;\">Un encuentro que reunir\u00e1 a referentes nacionales e internacionales en torno a la colaboraci\u00f3n y formaci\u00f3n interdisciplinaria.<\/p>\n<p>[\/et_pb_slide][et_pb_slide heading=\u00bbDiplomado en Educaci\u00f3n Interdisciplinaria\u00bb button_text=\u00bbM\u00e1s informaci\u00f3n\u00bb button_link=\u00bbhttps:\/\/postgrados.udd.cl\/programas\/diplomado-en-educacion-interdisciplinaria-193499\/\u00bb url_new_window=\u00bbon\u00bb use_text_overlay=\u00bbon\u00bb text_overlay_color=\u00bb#00aace\u00bb _builder_version=\u00bb4.27.4&#8243; _module_preset=\u00bbdefault\u00bb background_image=\u00bbhttps:\/\/test-icubo.udd.clwp-content\/uploads\/2025\/08\/DEI-2025-kick-off-1-1.png\u00bb background_enable_image=\u00bbon\u00bb custom_button=\u00bbon\u00bb button_text_size=\u00bb15px\u00bb button_text_color=\u00bb#FFFFFF\u00bb button_bg_color=\u00bb#00aace\u00bb global_colors_info=\u00bb{}\u00bb sticky_transition=\u00bbon\u00bb]<\/p>\n<p>El <strong data-start=\"118\" data-end=\"163\">Diplomado en Educaci\u00f3n Interdisciplinaria<\/strong> busca capacitar a educadores de todos los niveles en el desarrollo e implementaci\u00f3n de la ense\u00f1anza interdisciplinaria, preparando a los futuros l\u00edderes para enfrentar los desaf\u00edos complejos del siglo XXI.<\/p>\n<p>[\/et_pb_slide][\/et_pb_slider][\/et_pb_column][\/et_pb_row][\/et_pb_section][et_pb_section fb_built=\u00bb1&#8243; _builder_version=\u00bb4.27.4&#8243; _module_preset=\u00bbdefault\u00bb background_color=\u00bb#1c1c1c\u00bb da_disable_devices=\u00bboff|off|off\u00bb global_colors_info=\u00bb{}\u00bb da_is_popup=\u00bboff\u00bb da_exit_intent=\u00bboff\u00bb da_has_close=\u00bbon\u00bb da_alt_close=\u00bboff\u00bb da_dark_close=\u00bboff\u00bb da_not_modal=\u00bbon\u00bb da_is_singular=\u00bboff\u00bb da_with_loader=\u00bboff\u00bb da_has_shadow=\u00bbon\u00bb][et_pb_row _builder_version=\u00bb4.27.4&#8243; _module_preset=\u00bbdefault\u00bb custom_padding=\u00bb||1px|||\u00bb global_colors_info=\u00bb{}\u00bb][et_pb_column type=\u00bb4_4&#8243; _builder_version=\u00bb4.27.4&#8243; _module_preset=\u00bbdefault\u00bb global_colors_info=\u00bb{}\u00bb][et_pb_text _builder_version=\u00bb4.27.4&#8243; _module_preset=\u00bbdefault\u00bb header_4_font=\u00bb&#8211;et_global_heading_font|700||on|||||\u00bb header_4_text_align=\u00bbcenter\u00bb header_4_text_color=\u00bb#FFFFFF\u00bb header_4_font_size=\u00bb16px\u00bb custom_margin=\u00bb12px||12px|||\u00bb animation_style=\u00bbslide\u00bb animation_direction=\u00bbleft\u00bb global_colors_info=\u00bb{}\u00bb]<\/p>\n<h4>Conoce los Programas<\/h4>\n<p>[\/et_pb_text][et_pb_text _builder_version=\u00bb4.27.4&#8243; _module_preset=\u00bbdefault\u00bb header_font=\u00bb&#8211;et_global_heading_font|800|||||||\u00bb header_text_align=\u00bbcenter\u00bb header_text_color=\u00bb#FFFFFF\u00bb header_font_size=\u00bb47px\u00bb header_line_height=\u00bb1.1em\u00bb header_4_font=\u00bb&#8211;et_global_heading_font|700||on|||||\u00bb header_4_text_color=\u00bb#000000&#8243; header_4_font_size=\u00bb16px\u00bb custom_margin=\u00bb24px||43px|||\u00bb animation_style=\u00bbslide\u00bb animation_direction=\u00bbright\u00bb header_font_size_tablet=\u00bb47px\u00bb header_font_size_phone=\u00bb35px\u00bb header_font_size_last_edited=\u00bbon|phone\u00bb global_colors_info=\u00bb{}\u00bb]<\/p>\n<h1>Interdisciplina UDD<\/h1>\n<p>[\/et_pb_text][\/et_pb_column][\/et_pb_row][et_pb_row column_structure=\u00bb1_3,1_3,1_3&#8243; _builder_version=\u00bb4.27.4&#8243; _module_preset=\u00bbdefault\u00bb global_colors_info=\u00bb{}\u00bb][et_pb_column type=\u00bb1_3&#8243; _builder_version=\u00bb4.27.4&#8243; _module_preset=\u00bbdefault\u00bb global_colors_info=\u00bb{}\u00bb][et_pb_icon font_icon=\u00bb&#xf0c0;||fa||900&#8243; icon_color=\u00bb#FFFFFF\u00bb icon_width=\u00bb78px\u00bb _builder_version=\u00bb4.27.4&#8243; _module_preset=\u00bbdefault\u00bb global_colors_info=\u00bb{}\u00bb][\/et_pb_icon][et_pb_text _builder_version=\u00bb4.27.4&#8243; _module_preset=\u00bbdefault\u00bb global_colors_info=\u00bb{}\u00bb]<\/p>\n<h3 style=\"text-align: center;\"><span style=\"color: #ffffff;\">Labs Interdisciplinarios<\/span><\/h3>\n<p>[\/et_pb_text][et_pb_button button_url=\u00bbhttps:\/\/test-icubo.udd.clindex.php\/labs-interdisciolinarios\/%20&#8243; button_text=\u00bb\u00a1Con\u00f3celos!\u00bb button_alignment=\u00bbcenter\u00bb _builder_version=\u00bb4.27.4&#8243; _module_preset=\u00bbdefault\u00bb custom_button=\u00bbon\u00bb button_text_color=\u00bb#00aace\u00bb global_colors_info=\u00bb{}\u00bb][\/et_pb_button][\/et_pb_column][et_pb_column type=\u00bb1_3&#8243; _builder_version=\u00bb4.27.4&#8243; _module_preset=\u00bbdefault\u00bb global_colors_info=\u00bb{}\u00bb][et_pb_icon font_icon=\u00bb&#xe007;||divi||400&#8243; icon_color=\u00bb#FFFFFF\u00bb icon_width=\u00bb78px\u00bb _builder_version=\u00bb4.27.4&#8243; _module_preset=\u00bbdefault\u00bb global_colors_info=\u00bb{}\u00bb][\/et_pb_icon][et_pb_text _builder_version=\u00bb4.27.4&#8243; _module_preset=\u00bbdefault\u00bb custom_margin=\u00bb-5px|||||\u00bb global_colors_info=\u00bb{}\u00bb]<\/p>\n<h3 style=\"text-align: center;\"><span style=\"color: #ffffff;\">Semana i<\/span><\/h3>\n<p>[\/et_pb_text][et_pb_button button_url=\u00bbhttps:\/\/semanai.udd.cl\/portal\/\u00bb button_text=\u00bbExplorar\u00bb button_alignment=\u00bbcenter\u00bb _builder_version=\u00bb4.27.4&#8243; _module_preset=\u00bbdefault\u00bb custom_button=\u00bbon\u00bb button_text_color=\u00bb#00aace\u00bb global_colors_info=\u00bb{}\u00bb][\/et_pb_button][\/et_pb_column][et_pb_column type=\u00bb1_3&#8243; _builder_version=\u00bb4.27.4&#8243; _module_preset=\u00bbdefault\u00bb global_colors_info=\u00bb{}\u00bb][et_pb_icon font_icon=\u00bb&#xf501;||fa||900&#8243; icon_color=\u00bb#FFFFFF\u00bb icon_width=\u00bb78px\u00bb _builder_version=\u00bb4.27.4&#8243; _module_preset=\u00bbdefault\u00bb global_colors_info=\u00bb{}\u00bb][\/et_pb_icon][et_pb_text _builder_version=\u00bb4.27.4&#8243; _module_preset=\u00bbdefault\u00bb custom_margin=\u00bb||4px|||\u00bb global_colors_info=\u00bb{}\u00bb]<\/p>\n<h3 style=\"text-align: center;\"><span style=\"color: #ffffff;\">Diplomado en Educaci\u00f3n Interdisciplinaria<\/span><\/h3>\n<p>[\/et_pb_text][et_pb_button button_url=\u00bbhttps:\/\/postgrados.udd.cl\/programas\/diplomado-en-educacion-interdisciplinaria-193499\/\u00bb button_text=\u00bbSaber m\u00e1s\u00bb button_alignment=\u00bbcenter\u00bb _builder_version=\u00bb4.27.4&#8243; _module_preset=\u00bbdefault\u00bb custom_button=\u00bbon\u00bb button_text_color=\u00bb#00aace\u00bb global_colors_info=\u00bb{}\u00bb][\/et_pb_button][\/et_pb_column][\/et_pb_row][\/et_pb_section][et_pb_section fb_built=\u00bb1&#8243; _builder_version=\u00bb4.27.4&#8243; _module_preset=\u00bbdefault\u00bb da_disable_devices=\u00bboff|off|off\u00bb global_colors_info=\u00bb{}\u00bb da_is_popup=\u00bboff\u00bb da_exit_intent=\u00bboff\u00bb da_has_close=\u00bbon\u00bb da_alt_close=\u00bboff\u00bb da_dark_close=\u00bboff\u00bb da_not_modal=\u00bbon\u00bb da_is_singular=\u00bboff\u00bb da_with_loader=\u00bboff\u00bb da_has_shadow=\u00bbon\u00bb][et_pb_row column_structure=\u00bb1_5,3_5,1_5&#8243; _builder_version=\u00bb4.27.4&#8243; _module_preset=\u00bbdefault\u00bb min_height=\u00bb229.4px\u00bb global_colors_info=\u00bb{}\u00bb][et_pb_column type=\u00bb1_5&#8243; _builder_version=\u00bb4.27.4&#8243; _module_preset=\u00bbdefault\u00bb global_colors_info=\u00bb{}\u00bb][\/et_pb_column][et_pb_column type=\u00bb3_5&#8243; _builder_version=\u00bb4.27.4&#8243; _module_preset=\u00bbdefault\u00bb global_colors_info=\u00bb{}\u00bb][et_pb_text _builder_version=\u00bb4.27.4&#8243; _module_preset=\u00bbdefault\u00bb header_4_font=\u00bb&#8211;et_global_heading_font|700||on|||||\u00bb header_4_text_align=\u00bbcenter\u00bb header_4_text_color=\u00bb#000000&#8243; header_4_font_size=\u00bb16px\u00bb custom_margin=\u00bb12px||12px|||\u00bb global_colors_info=\u00bb{}\u00bb]<\/p>\n<h4>Nuestros n\u00fameros<\/h4>\n<p>[\/et_pb_text][et_pb_text _builder_version=\u00bb4.27.4&#8243; _module_preset=\u00bbdefault\u00bb header_font=\u00bb&#8211;et_global_heading_font|800|||||||\u00bb header_text_align=\u00bbcenter\u00bb header_text_color=\u00bb#000000&#8243; header_font_size=\u00bb47px\u00bb header_line_height=\u00bb1.1em\u00bb header_4_font=\u00bb&#8211;et_global_heading_font|700||on|||||\u00bb header_4_text_color=\u00bb#000000&#8243; header_4_font_size=\u00bb16px\u00bb custom_margin=\u00bb24px||43px|||\u00bb header_font_size_tablet=\u00bb47px\u00bb header_font_size_phone=\u00bb35px\u00bb header_font_size_last_edited=\u00bbon|phone\u00bb global_colors_info=\u00bb{}\u00bb]<\/p>\n<h1>La interdisciplina en n\u00fameros<\/h1>\n<p>[\/et_pb_text][\/et_pb_column][et_pb_column type=\u00bb1_5&#8243; _builder_version=\u00bb4.27.4&#8243; _module_preset=\u00bbdefault\u00bb global_colors_info=\u00bb{}\u00bb][\/et_pb_column][\/et_pb_row][et_pb_row column_structure=\u00bb1_5,1_5,1_5,1_5,1_5&#8243; _builder_version=\u00bb4.27.4&#8243; _module_preset=\u00bbdefault\u00bb custom_padding=\u00bb0px|||||\u00bb global_colors_info=\u00bb{}\u00bb][et_pb_column type=\u00bb1_5&#8243; _builder_version=\u00bb4.27.4&#8243; _module_preset=\u00bbdefault\u00bb global_colors_info=\u00bb{}\u00bb][et_pb_number_counter title=\u00bbProfesores capacitados en ID\u00bb number=\u00bb+190&#8243; percent_sign=\u00bboff\u00bb _builder_version=\u00bb4.27.4&#8243; _module_preset=\u00bbdefault\u00bb title_font=\u00bb&#8211;et_global_body_font|700|||||||\u00bb title_text_color=\u00bb#000000&#8243; title_line_height=\u00bb1.3em\u00bb number_font=\u00bb&#8211;et_global_heading_font|800|||||||\u00bb number_text_color=\u00bb#00aace\u00bb number_font_size=\u00bb58px\u00bb global_colors_info=\u00bb{}\u00bb][\/et_pb_number_counter][\/et_pb_column][et_pb_column type=\u00bb1_5&#8243; _builder_version=\u00bb4.27.4&#8243; _module_preset=\u00bbdefault\u00bb global_colors_info=\u00bb{}\u00bb][et_pb_number_counter title=\u00bbAlumnos que han pasado por una experiencia ID\u00bb number=\u00bb+2750&#8243; percent_sign=\u00bboff\u00bb _builder_version=\u00bb4.27.4&#8243; _module_preset=\u00bbdefault\u00bb title_font=\u00bb&#8211;et_global_body_font|700|||||||\u00bb title_line_height=\u00bb1.3em\u00bb number_font=\u00bb&#8211;et_global_heading_font|800|||||||\u00bb number_text_color=\u00bb#00aace\u00bb number_font_size=\u00bb58px\u00bb custom_margin=\u00bb|-28px||||\u00bb global_colors_info=\u00bb{}\u00bb][\/et_pb_number_counter][\/et_pb_column][et_pb_column type=\u00bb1_5&#8243; _builder_version=\u00bb4.27.4&#8243; _module_preset=\u00bbdefault\u00bb global_colors_info=\u00bb{}\u00bb][et_pb_number_counter title=\u00bbCarreras impactadas\u00bb number=\u00bb+20&#8243; percent_sign=\u00bboff\u00bb _builder_version=\u00bb4.27.4&#8243; _module_preset=\u00bbdefault\u00bb title_font=\u00bb&#8211;et_global_body_font|700|||||||\u00bb title_line_height=\u00bb1.3em\u00bb number_font=\u00bb&#8211;et_global_heading_font|800|||||||\u00bb number_text_color=\u00bb#00aace\u00bb number_font_size=\u00bb58px\u00bb global_colors_info=\u00bb{}\u00bb][\/et_pb_number_counter][\/et_pb_column][et_pb_column type=\u00bb1_5&#8243; _builder_version=\u00bb4.27.4&#8243; _module_preset=\u00bbdefault\u00bb global_colors_info=\u00bb{}\u00bb][et_pb_number_counter title=\u00bbFacultades fundadoras\u00bb number=\u00bb3&#8243; percent_sign=\u00bboff\u00bb _builder_version=\u00bb4.27.4&#8243; _module_preset=\u00bbdefault\u00bb title_font=\u00bb&#8211;et_global_body_font|700|||||||\u00bb title_line_height=\u00bb1.3em\u00bb number_font=\u00bb&#8211;et_global_heading_font|800|||||||\u00bb number_text_color=\u00bb#00aace\u00bb number_font_size=\u00bb58px\u00bb global_colors_info=\u00bb{}\u00bb][\/et_pb_number_counter][\/et_pb_column][et_pb_column type=\u00bb1_5&#8243; _builder_version=\u00bb4.27.4&#8243; _module_preset=\u00bbdefault\u00bb global_colors_info=\u00bb{}\u00bb][et_pb_number_counter title=\u00bbLabs Interdisciplinarios\u00bb number=\u00bb106&#8243; percent_sign=\u00bboff\u00bb _builder_version=\u00bb4.27.4&#8243; _module_preset=\u00bbdefault\u00bb title_font=\u00bb&#8211;et_global_body_font|700|||||||\u00bb title_line_height=\u00bb1.3em\u00bb number_font=\u00bb&#8211;et_global_heading_font|800|||||||\u00bb number_text_color=\u00bb#00aace\u00bb number_font_size=\u00bb58px\u00bb global_colors_info=\u00bb{}\u00bb][\/et_pb_number_counter][\/et_pb_column][\/et_pb_row][\/et_pb_section][et_pb_section fb_built=\u00bb1&#8243; _builder_version=\u00bb4.27.4&#8243; _module_preset=\u00bbdefault\u00bb background_color=\u00bb#1c1c1c\u00bb da_disable_devices=\u00bboff|off|off\u00bb global_colors_info=\u00bb{}\u00bb da_is_popup=\u00bboff\u00bb da_exit_intent=\u00bboff\u00bb da_has_close=\u00bbon\u00bb da_alt_close=\u00bboff\u00bb da_dark_close=\u00bboff\u00bb da_not_modal=\u00bbon\u00bb da_is_singular=\u00bboff\u00bb da_with_loader=\u00bboff\u00bb da_has_shadow=\u00bbon\u00bb][et_pb_row _builder_version=\u00bb4.27.4&#8243; _module_preset=\u00bbdefault\u00bb custom_padding=\u00bb||1px|||\u00bb global_colors_info=\u00bb{}\u00bb][et_pb_column type=\u00bb4_4&#8243; _builder_version=\u00bb4.27.4&#8243; _module_preset=\u00bbdefault\u00bb global_colors_info=\u00bb{}\u00bb][et_pb_text _builder_version=\u00bb4.27.4&#8243; _module_preset=\u00bbdefault\u00bb header_4_font=\u00bb&#8211;et_global_heading_font|700||on|||||\u00bb header_4_text_align=\u00bbcenter\u00bb header_4_text_color=\u00bb#FFFFFF\u00bb header_4_font_size=\u00bb16px\u00bb custom_margin=\u00bb12px||12px|||\u00bb animation_style=\u00bbslide\u00bb animation_direction=\u00bbleft\u00bb global_colors_info=\u00bb{}\u00bb]<\/p>\n<h4>Conoce el equipo ID<\/h4>\n<p>[\/et_pb_text][et_pb_text _builder_version=\u00bb4.27.4&#8243; _module_preset=\u00bbdefault\u00bb header_font=\u00bb&#8211;et_global_heading_font|800|||||||\u00bb header_text_align=\u00bbcenter\u00bb header_text_color=\u00bb#FFFFFF\u00bb header_font_size=\u00bb47px\u00bb header_line_height=\u00bb1.1em\u00bb header_4_font=\u00bb&#8211;et_global_heading_font|700||on|||||\u00bb header_4_text_color=\u00bb#000000&#8243; header_4_font_size=\u00bb16px\u00bb custom_margin=\u00bb24px||43px|||\u00bb animation_style=\u00bbslide\u00bb animation_direction=\u00bbright\u00bb header_font_size_tablet=\u00bb47px\u00bb header_font_size_phone=\u00bb35px\u00bb header_font_size_last_edited=\u00bbon|phone\u00bb global_colors_info=\u00bb{}\u00bb]<\/p>\n<h1>Nuestro equipo Interdisciplina UDD<\/h1>\n<p>[\/et_pb_text][\/et_pb_column][\/et_pb_row][et_pb_row column_structure=\u00bb1_3,1_3,1_3&#8243; _builder_version=\u00bb4.27.4&#8243; _module_preset=\u00bbdefault\u00bb global_colors_info=\u00bb{}\u00bb][et_pb_column type=\u00bb1_3&#8243; _builder_version=\u00bb4.27.4&#8243; _module_preset=\u00bbdefault\u00bb global_colors_info=\u00bb{}\u00bb][et_pb_image src=\u00bbhttps:\/\/test-icubo.udd.clwp-content\/uploads\/2025\/10\/2.jpeg\u00bb title_text=\u00bb2&#8243; _builder_version=\u00bb4.27.4&#8243; _module_preset=\u00bbdefault\u00bb global_colors_info=\u00bb{}\u00bb][\/et_pb_image][et_pb_text _builder_version=\u00bb4.27.4&#8243; _module_preset=\u00bbdefault\u00bb global_colors_info=\u00bb{}\u00bb]<\/p>\n<h3 style=\"text-align: center;\"><strong><span style=\"color: #ffffff;\">Sebasti\u00e1n Merino<\/span><\/strong><\/h3>\n<h3 style=\"text-align: center;\"><span style=\"color: #ffffff;\">Subdirector Acad\u00e9mico<\/span><\/h3>\n<h3 style=\"text-align: center;\"><strong><span style=\"color: #ffffff;\">sebastianmerino@udd.cl\u00a0<\/span><span style=\"color: #ffffff;\"><\/span><\/strong><\/h3>\n<p><span style=\"color: #ffffff;\"><\/span><\/p>\n<p>[\/et_pb_text][\/et_pb_column][et_pb_column type=\u00bb1_3&#8243; _builder_version=\u00bb4.27.4&#8243; _module_preset=\u00bbdefault\u00bb global_colors_info=\u00bb{}\u00bb][et_pb_image src=\u00bbhttps:\/\/test-icubo.udd.clwp-content\/uploads\/2025\/08\/6.png\u00bb title_text=\u00bb6&#8243; _builder_version=\u00bb4.27.4&#8243; _module_preset=\u00bbdefault\u00bb global_colors_info=\u00bb{}\u00bb][\/et_pb_image][et_pb_text _builder_version=\u00bb4.27.4&#8243; _module_preset=\u00bbdefault\u00bb global_colors_info=\u00bb{}\u00bb]<\/p>\n<h3 style=\"text-align: center;\"><strong><span style=\"color: #ffffff;\">Francesco Rodr\u00edguez\u00a0<\/span><\/strong><\/h3>\n<h3 style=\"text-align: center;\"><span style=\"color: #ffffff;\">Coordinador Interdisciplina Santiago<\/span><\/h3>\n<h3 style=\"text-align: center;\"><strong><span style=\"color: #ffffff;\">frarodriguez@udd.cl<\/span><span style=\"color: #ffffff;\"><\/span><\/strong><\/h3>\n<p><span style=\"color: #ffffff;\"><\/span><\/p>\n<p>[\/et_pb_text][\/et_pb_column][et_pb_column type=\u00bb1_3&#8243; _builder_version=\u00bb4.27.4&#8243; _module_preset=\u00bbdefault\u00bb global_colors_info=\u00bb{}\u00bb][et_pb_image src=\u00bbhttps:\/\/test-icubo.udd.clwp-content\/uploads\/2025\/08\/9.png\u00bb title_text=\u00bb9&#8243; _builder_version=\u00bb4.27.4&#8243; _module_preset=\u00bbdefault\u00bb custom_margin=\u00bb|6px||||\u00bb global_colors_info=\u00bb{}\u00bb][\/et_pb_image][et_pb_text _builder_version=\u00bb4.27.4&#8243; _module_preset=\u00bbdefault\u00bb width=\u00bb100%\u00bb global_colors_info=\u00bb{}\u00bb]<\/p>\n<h3 style=\"text-align: center;\"><strong><span style=\"color: #ffffff;\">Isabel Ch\u00e1vez<\/span><\/strong><\/h3>\n<h3 style=\"text-align: center;\"><span style=\"color: #ffffff;\">Coordinadora Interdisciplina Concepci\u00f3n<\/span><\/h3>\n<h3 style=\"text-align: center;\"><strong><span style=\"color: #ffffff;\">isabelchavez@udd.cl\u00a0<\/span><span style=\"color: #ffffff;\"><\/span><\/strong><\/h3>\n<p><span style=\"color: #ffffff;\"><\/span><\/p>\n<p>[\/et_pb_text][\/et_pb_column][\/et_pb_row][\/et_pb_section][et_pb_section fb_built=\u00bb1&#8243; _builder_version=\u00bb4.27.4&#8243; _module_preset=\u00bbdefault\u00bb background_color=\u00bb#FFFFFF\u00bb hover_enabled=\u00bb0&#8243; da_disable_devices=\u00bboff|off|off\u00bb global_colors_info=\u00bb{}\u00bb sticky_enabled=\u00bb0&#8243; da_is_popup=\u00bboff\u00bb da_exit_intent=\u00bboff\u00bb da_has_close=\u00bbon\u00bb da_alt_close=\u00bboff\u00bb da_dark_close=\u00bboff\u00bb da_not_modal=\u00bbon\u00bb da_is_singular=\u00bboff\u00bb da_with_loader=\u00bboff\u00bb da_has_shadow=\u00bbon\u00bb][et_pb_row column_structure=\u00bb1_5,3_5,1_5&#8243; _builder_version=\u00bb4.27.4&#8243; _module_preset=\u00bbdefault\u00bb global_colors_info=\u00bb{}\u00bb][et_pb_column type=\u00bb1_5&#8243; _builder_version=\u00bb4.27.4&#8243; _module_preset=\u00bbdefault\u00bb global_colors_info=\u00bb{}\u00bb][\/et_pb_column][et_pb_column type=\u00bb3_5&#8243; _builder_version=\u00bb4.27.4&#8243; _module_preset=\u00bbdefault\u00bb global_colors_info=\u00bb{}\u00bb][et_pb_text _builder_version=\u00bb4.27.4&#8243; _module_preset=\u00bbdefault\u00bb header_font=\u00bb&#8211;et_global_heading_font|800|||||||\u00bb header_text_align=\u00bbcenter\u00bb header_text_color=\u00bb#FFFFFF\u00bb header_font_size=\u00bb47px\u00bb header_line_height=\u00bb1.1em\u00bb header_4_font=\u00bb&#8211;et_global_heading_font|700||on|||||\u00bb header_4_text_color=\u00bb#000000&#8243; header_4_font_size=\u00bb16px\u00bb custom_margin=\u00bb24px||43px|||\u00bb animation_style=\u00bbslide\u00bb animation_direction=\u00bbright\u00bb hover_enabled=\u00bb0&#8243; header_font_size_tablet=\u00bb47px\u00bb header_font_size_phone=\u00bb33px\u00bb header_font_size_last_edited=\u00bbon|phone\u00bb global_colors_info=\u00bb{}\u00bb text_text_color=\u00bb#0165A5&#8243; sticky_enabled=\u00bb0&#8243;]<\/p>\n<h1><span style=\"color: #000000;\">Descubre nuestras publicaciones<\/span><\/h1>\n<p>[\/et_pb_text][et_pb_text _builder_version=\u00bb4.27.4&#8243; _module_preset=\u00bbdefault\u00bb text_font=\u00bb&#8211;et_global_body_font||||||||\u00bb text_text_color=\u00bb#0165A5&#8243; text_orientation=\u00bbcenter\u00bb custom_margin=\u00bb-11px|||||\u00bb hover_enabled=\u00bb0&#8243; global_colors_info=\u00bb{}\u00bb sticky_enabled=\u00bb0&#8243;]<\/p>\n<p><span style=\"color: #000000;\">En iCubo UDD compartimos investigaciones, art\u00edculos y experiencias que muestran c\u00f3mo la <strong data-start=\"200\" data-end=\"219\">interdisciplina<\/strong> impulsa nuevas formas de aprender, crear e innovar.<\/span><\/p>\n<p><span style=\"color: #000000;\"><strong data-start=\"272\" data-end=\"301\">Te invitamos a conocerlas<\/strong> y a ser parte de esta mirada que conecta saberes para generar impacto.<\/span><\/p>\n<p>[\/et_pb_text][et_pb_button button_url=\u00bb@ET-DC@eyJkeW5hbWljIjp0cnVlLCJjb250ZW50IjoicG9zdF9saW5rX3VybF9wYWdlIiwic2V0dGluZ3MiOnsicG9zdF9pZCI6IjQzMiJ9fQ==@\u00bb button_text=\u00bbDescubre m\u00e1s\u00bb button_alignment=\u00bbcenter\u00bb _builder_version=\u00bb4.27.4&#8243; _dynamic_attributes=\u00bbbutton_url\u00bb _module_preset=\u00bbdefault\u00bb custom_button=\u00bbon\u00bb button_text_color=\u00bb#FFFFFF\u00bb button_bg_color=\u00bb#00aace\u00bb button_border_width=\u00bb0px\u00bb button_border_radius=\u00bb8px\u00bb hover_enabled=\u00bb0&#8243; global_colors_info=\u00bb{}\u00bb sticky_enabled=\u00bb0&#8243;][\/et_pb_button][\/et_pb_column][et_pb_column type=\u00bb1_5&#8243; _builder_version=\u00bb4.27.4&#8243; _module_preset=\u00bbdefault\u00bb global_colors_info=\u00bb{}\u00bb][\/et_pb_column][\/et_pb_row][\/et_pb_section]<\/p>\n","protected":false},"excerpt":{"rendered":"<p>\u00bfQu\u00e9 es?InterdisciplinaLa interdisciplina es uno de los pilares de UDD Futuro y se entiende como la formaci\u00f3n basada en la efectiva interacci\u00f3n entre diversas \u00e1reas del conocimiento. Por tanto, es el producto de un dise\u00f1o intencionado para generar actividades acad\u00e9micas de manera conjunta y colaborativa, que apuntan a la integraci\u00f3n de conocimientos provenientes de m\u00faltiples [&hellip;]<\/p>\n","protected":false},"author":1,"featured_media":0,"parent":0,"menu_order":0,"comment_status":"closed","ping_status":"closed","template":"","meta":{"_acf_changed":false,"_et_pb_use_builder":"on","_et_pb_old_content":"","_et_gb_content_width":"","footnotes":""},"class_list":["post-391","page","type-page","status-publish","hentry"],"acf":[],"_links":{"self":[{"href":"https:\/\/test-icubo.udd.cl\/index.php\/wp-json\/wp\/v2\/pages\/391","targetHints":{"allow":["GET"]}}],"collection":[{"href":"https:\/\/test-icubo.udd.cl\/index.php\/wp-json\/wp\/v2\/pages"}],"about":[{"href":"https:\/\/test-icubo.udd.cl\/index.php\/wp-json\/wp\/v2\/types\/page"}],"author":[{"embeddable":true,"href":"https:\/\/test-icubo.udd.cl\/index.php\/wp-json\/wp\/v2\/users\/1"}],"replies":[{"embeddable":true,"href":"https:\/\/test-icubo.udd.cl\/index.php\/wp-json\/wp\/v2\/comments?post=391"}],"version-history":[{"count":23,"href":"https:\/\/test-icubo.udd.cl\/index.php\/wp-json\/wp\/v2\/pages\/391\/revisions"}],"predecessor-version":[{"id":2414,"href":"https:\/\/test-icubo.udd.cl\/index.php\/wp-json\/wp\/v2\/pages\/391\/revisions\/2414"}],"wp:attachment":[{"href":"https:\/\/test-icubo.udd.cl\/index.php\/wp-json\/wp\/v2\/media?parent=391"}],"curies":[{"name":"wp","href":"https:\/\/api.w.org\/{rel}","templated":true}]}}