{"id":274,"date":"2025-06-21T19:56:37","date_gmt":"2025-06-21T19:56:37","guid":{"rendered":"https:\/\/test-icubo.udd.cl?page_id=274"},"modified":"2025-11-03T03:43:23","modified_gmt":"2025-11-03T03:43:23","slug":"quienes-somos","status":"publish","type":"page","link":"https:\/\/test-icubo.udd.cl\/index.php\/quienes-somos\/","title":{"rendered":"Quienes somos"},"content":{"rendered":"<p>[et_pb_section fb_built=\u00bb1&#8243; admin_label=\u00bbSection 1 &#8211; Header \u00bb _builder_version=\u00bb4.17.1&#8243; background_color=\u00bbRGBA(255,255,255,0)\u00bb z_index=\u00bb99999&#8243; overflow-x=\u00bbhidden\u00bb overflow-y=\u00bbhidden\u00bb custom_padding=\u00bb0px||0px||true|false\u00bb animation_style=\u00bbfade\u00bb da_disable_devices=\u00bboff|off|off\u00bb global_colors_info=\u00bb{}\u00bb da_is_popup=\u00bboff\u00bb da_exit_intent=\u00bboff\u00bb da_has_close=\u00bbon\u00bb da_alt_close=\u00bboff\u00bb da_dark_close=\u00bboff\u00bb da_not_modal=\u00bbon\u00bb da_is_singular=\u00bboff\u00bb da_with_loader=\u00bboff\u00bb da_has_shadow=\u00bbon\u00bb][et_pb_row column_structure=\u00bb1_3,1_3,1_3&#8243; use_custom_gutter=\u00bbon\u00bb gutter_width=\u00bb2&#8243; make_equal=\u00bbon\u00bb custom_padding_last_edited=\u00bbon|phone\u00bb disabled_on=\u00bbon|off|off\u00bb admin_label=\u00bbRow 1 &#8211; Logo, Menu Column 1, Menu Column 2,  Social Icon and CSS \u00bb _builder_version=\u00bb4.27.4&#8243; background_color=\u00bbRGBA(255,255,255,0)\u00bb width=\u00bb100%\u00bb width_phone=\u00bb90%\u00bb width_last_edited=\u00bboff|desktop\u00bb max_width=\u00bb97%\u00bb max_width_tablet=\u00bb98%\u00bb max_width_phone=\u00bb98%\u00bb max_width_last_edited=\u00bbon|tablet\u00bb custom_margin=\u00bb||||false|false\u00bb custom_padding=\u00bb17px||2px||false|false\u00bb custom_padding_tablet=\u00bb7px|||12px|false|false\u00bb custom_padding_phone=\u00bb2px||||false|false\u00bb custom_css_main_element=\u00bbdisplay:flex;\u00bb global_colors_info=\u00bb{}\u00bb][et_pb_column type=\u00bb1_3&#8243; admin_label=\u00bbMenu &#038; Logo Column\u00bb _builder_version=\u00bb4.16&#8243; z_index=\u00bb999999&#8243; global_colors_info=\u00bb{}\u00bb][\/et_pb_column][et_pb_column type=\u00bb1_3&#8243; _builder_version=\u00bb4.16&#8243; global_colors_info=\u00bb{}\u00bb][\/et_pb_column][et_pb_column type=\u00bb1_3&#8243; _builder_version=\u00bb4.16&#8243; global_colors_info=\u00bb{}\u00bb][et_pb_code admin_label=\u00bbCSS MENU\u00bb _builder_version=\u00bb4.16&#8243; _module_preset=\u00bbdefault\u00bb global_colors_info=\u00bb{}\u00bb]<\/p>\n<style><!-- [et_pb_line_break_holder] -->.menu-font-size p {line-height:.7em !important;}<!-- [et_pb_line_break_holder] -->@media (min-width:768px){.menu-font-size p a{font-size:14px;line-height:.5em !important;}}<!-- [et_pb_line_break_holder] -->@media (max-width:767px){.menu-font-size p a{font-size:72%;}}<!-- [et_pb_line_break_holder] --><\/style>\n<p>[\/et_pb_code][\/et_pb_column][\/et_pb_row][\/et_pb_section][et_pb_section fb_built=\u00bb1&#8243; fullwidth=\u00bbon\u00bb disabled_on=\u00bbon|on|on\u00bb admin_label=\u00bbSection 2 &#8211; Fullwidth Slider and CSS\u00bb _builder_version=\u00bb4.27.4&#8243; _module_preset=\u00bbdefault\u00bb custom_margin=\u00bb-136px||||false|false\u00bb da_disable_devices=\u00bboff|off|off\u00bb disabled=\u00bbon\u00bb global_colors_info=\u00bb{}\u00bb da_is_popup=\u00bboff\u00bb da_exit_intent=\u00bboff\u00bb da_has_close=\u00bbon\u00bb da_alt_close=\u00bboff\u00bb da_dark_close=\u00bboff\u00bb da_not_modal=\u00bbon\u00bb da_is_singular=\u00bboff\u00bb da_with_loader=\u00bboff\u00bb da_has_shadow=\u00bbon\u00bb][et_pb_fullwidth_slider show_arrows=\u00bboff\u00bb dot_nav_custom_color=\u00bb#FFFFFF\u00bb _builder_version=\u00bb4.27.4&#8243; _module_preset=\u00bbdefault\u00bb header_font=\u00bbRaleway|700|||||||\u00bb header_font_size=\u00bb75px\u00bb body_font=\u00bbOpen Sans|700|||||||\u00bb background_color=\u00bb#adadad\u00bb use_background_color_gradient=\u00bbon\u00bb background_color_gradient_stops=\u00bbrgba(0,0,0,0.5) 0%|rgba(0,0,0,0.66) 100%\u00bb background_color_gradient_overlays_image=\u00bbon\u00bb background_enable_video_mp4=\u00bboff\u00bb text_orientation=\u00bbleft\u00bb min_height=\u00bb100vh\u00bb custom_padding=\u00bb276px|||||\u00bb auto=\u00bbon\u00bb auto_ignore_hover=\u00bbon\u00bb header_font_size_tablet=\u00bb75px\u00bb header_font_size_phone=\u00bb11vw\u00bb header_font_size_last_edited=\u00bbon|desktop\u00bb custom_css_slide_description=\u00bbtext-shadow:none;\u00bb custom_css_slide_title=\u00bbtext-shadow:none;||max-width:500px;||position:absolute;||right:11vw;||word-wrap:normal;\u00bb global_colors_info=\u00bb{}\u00bb custom_css_slide_title_last_edited=\u00bbon|phone\u00bb custom_css_slide_title_tablet=\u00bbtext-shadow:none;||max-width:500px;||position:absolute;||right:22vw;||word-wrap:normal;\u00bb custom_css_slide_title_phone=\u00bbtext-shadow:none;||max-width:500px;||position:absolute;||right:11vw;||word-wrap:normal;\u00bb][et_pb_slide heading=\u00bbQuienes somos\u00bb _builder_version=\u00bb4.27.4&#8243; _module_preset=\u00bbdefault\u00bb header_level=\u00bbh2&#8243; header_font=\u00bb&#8211;et_global_body_font|900|||||||\u00bb header_font_size=\u00bb58px\u00bb background_image=\u00bbhttps:\/\/test-icubo.udd.clwp-content\/uploads\/2025\/06\/Imagen-UDD-6-1000&#215;668-1.jpg\u00bb background_enable_image=\u00bbon\u00bb custom_css_before=\u00bbcontent:\u00bb;||color:rgba(255,255,255,0.27);||font-size:500px;||font-family:&#8217;Open Sans&#8217;;||font-weight:700;||position:absolute;||top:50%;||left:0%;||\u00bb global_colors_info=\u00bb{}\u00bb sticky_transition=\u00bbon\u00bb][\/et_pb_slide][\/et_pb_fullwidth_slider][et_pb_fullwidth_code admin_label=\u00bbCSS\u00bb _builder_version=\u00bb4.16&#8243; _module_preset=\u00bbdefault\u00bb global_colors_info=\u00bb{}\u00bb]<\/p>\n<style><!-- [et_pb_line_break_holder] -->.et_pb_fullwidth_slider_0 > div > a{<!-- [et_pb_line_break_holder] -->\twidth:37px;<!-- [et_pb_line_break_holder] -->\theight:7px;<!-- [et_pb_line_break_holder] -->\tborder-radius:0px;<!-- [et_pb_line_break_holder] -->\tposition:relative;<!-- [et_pb_line_break_holder] -->\tbottom:30px;<!-- [et_pb_line_break_holder] -->\tleft:-30vw;\t<!-- [et_pb_line_break_holder] -->}<!-- [et_pb_line_break_holder] --><!-- [et_pb_line_break_holder] --><\/style>\n<p>[\/et_pb_fullwidth_code][\/et_pb_section][et_pb_section fb_built=\u00bb1&#8243; fullwidth=\u00bbon\u00bb _builder_version=\u00bb4.27.4&#8243; _module_preset=\u00bbdefault\u00bb custom_margin=\u00bb29px|||||\u00bb da_disable_devices=\u00bboff|off|off\u00bb global_colors_info=\u00bb{}\u00bb da_is_popup=\u00bboff\u00bb da_exit_intent=\u00bboff\u00bb da_has_close=\u00bbon\u00bb da_alt_close=\u00bboff\u00bb da_dark_close=\u00bboff\u00bb da_not_modal=\u00bbon\u00bb da_is_singular=\u00bboff\u00bb da_with_loader=\u00bboff\u00bb da_has_shadow=\u00bbon\u00bb][et_pb_fullwidth_slider _builder_version=\u00bb4.27.4&#8243; _module_preset=\u00bbdefault\u00bb min_height=\u00bb566.8px\u00bb custom_margin=\u00bb-132px|||||\u00bb custom_padding=\u00bb319px||527px|||\u00bb global_colors_info=\u00bb{}\u00bb][et_pb_slide heading=\u00bbiCubo\u00bb _builder_version=\u00bb4.27.4&#8243; _module_preset=\u00bbdefault\u00bb header_font=\u00bb&#8211;et_global_body_font|900|||||||\u00bb header_font_size=\u00bb53px\u00bb background_color=\u00bbrgba(0,0,0,0.53)\u00bb background_enable_color=\u00bbon\u00bb background_image=\u00bbhttps:\/\/test-icubo.udd.clwp-content\/uploads\/2025\/08\/Equipo-3.png\u00bb background_enable_image=\u00bbon\u00bb background_position=\u00bbbottom_right\u00bb background_blend=\u00bbmultiply\u00bb global_colors_info=\u00bb{}\u00bb sticky_transition=\u00bbon\u00bb][\/et_pb_slide][\/et_pb_fullwidth_slider][\/et_pb_section][et_pb_section fb_built=\u00bb1&#8243; _builder_version=\u00bb4.27.4&#8243; _module_preset=\u00bbdefault\u00bb custom_margin=\u00bb37px|||||\u00bb custom_padding=\u00bb||0px|||\u00bb da_disable_devices=\u00bboff|off|off\u00bb global_colors_info=\u00bb{}\u00bb da_is_popup=\u00bboff\u00bb da_exit_intent=\u00bboff\u00bb da_has_close=\u00bbon\u00bb da_alt_close=\u00bboff\u00bb da_dark_close=\u00bboff\u00bb da_not_modal=\u00bbon\u00bb da_is_singular=\u00bboff\u00bb da_with_loader=\u00bboff\u00bb da_has_shadow=\u00bbon\u00bb][et_pb_row _builder_version=\u00bb4.27.4&#8243; _module_preset=\u00bbdefault\u00bb custom_padding=\u00bb0px||0px|||\u00bb global_colors_info=\u00bb{}\u00bb][et_pb_column type=\u00bb4_4&#8243; _builder_version=\u00bb4.27.4&#8243; _module_preset=\u00bbdefault\u00bb global_colors_info=\u00bb{}\u00bb][et_pb_text _builder_version=\u00bb4.27.4&#8243; _module_preset=\u00bbdefault\u00bb header_font=\u00bb&#8211;et_global_heading_font|800|||||||\u00bb header_text_align=\u00bbcenter\u00bb header_text_color=\u00bb#000000&#8243; header_font_size=\u00bb47px\u00bb header_line_height=\u00bb1.1em\u00bb header_4_font=\u00bb&#8211;et_global_heading_font|700||on|||||\u00bb header_4_text_color=\u00bb#000000&#8243; header_4_font_size=\u00bb16px\u00bb custom_margin=\u00bb-45px||43px|||\u00bb header_font_size_tablet=\u00bb47px\u00bb header_font_size_phone=\u00bb35px\u00bb header_font_size_last_edited=\u00bbon|phone\u00bb global_colors_info=\u00bb{}\u00bb]<\/p>\n<h1 style=\"text-align: center;\">Quienes somos<\/h1>\n<p>[\/et_pb_text][\/et_pb_column][\/et_pb_row][et_pb_row column_structure=\u00bb1_2,1_2&#8243; _builder_version=\u00bb4.27.4&#8243; _module_preset=\u00bbdefault\u00bb custom_padding=\u00bb0px|||||\u00bb global_colors_info=\u00bb{}\u00bb][et_pb_column type=\u00bb1_2&#8243; _builder_version=\u00bb4.27.4&#8243; _module_preset=\u00bbdefault\u00bb global_colors_info=\u00bb{}\u00bb][et_pb_text _builder_version=\u00bb4.27.4&#8243; _module_preset=\u00bbdefault\u00bb link_font=\u00bb||||on||||\u00bb link_text_color=\u00bb#0165A5&#8243; global_colors_info=\u00bb{}\u00bb]<\/p>\n<p data-start=\"274\" data-end=\"813\" style=\"text-align: justify;\">iCubo es el Instituto de Innovaci\u00f3n e Interdisciplina de la Universidad del Desarrollo. Naci\u00f3 en 2009 como una iniciativa acad\u00e9mica conjunta entre las facultades de Dise\u00f1o, Ingenier\u00eda y Negocios, con la misi\u00f3n de impulsar y consolidar una verdadera cultura de innovaci\u00f3n e interdisciplina. Desde sus or\u00edgenes ha mantenido una alianza estrat\u00e9gica con el <strong data-start=\"627\" data-end=\"674\">Stanford Technology Ventures Program (STVP)<\/strong> de la Universidad de Stanford, lo que ha permitido traer a Chile metodolog\u00edas de vanguardia en creatividad, innovaci\u00f3n y emprendimiento.<\/p>\n<p data-start=\"815\" data-end=\"1284\" style=\"text-align: justify;\">A lo largo de estos a\u00f1os, iCubo se ha transformado en un espacio pionero en el desarrollo, implementaci\u00f3n y experimentaci\u00f3n de programas acad\u00e9micos y proyectos colaborativos, fomentando el trabajo interdisciplinario como eje central de la formaci\u00f3n universitaria.\u00a0<\/p>\n<p data-start=\"815\" data-end=\"1284\" style=\"text-align: justify;\">Actualmente, estamos enfocados en iniciativas de <strong data-start=\"1647\" data-end=\"1659\">pregrado<\/strong>, como <strong data-start=\"1666\" data-end=\"1674\">dLab<\/strong> y los <strong data-start=\"1681\" data-end=\"1709\">Labs Interdisciplinarios<\/strong>, que buscan integrar el aprendizaje experiencial y la colaboraci\u00f3n entre carreras en la formaci\u00f3n de los estudiantes.<\/p>\n<p data-start=\"1286\" data-end=\"1596\" style=\"text-align: justify;\">\n<p>[\/et_pb_text][\/et_pb_column][et_pb_column type=\u00bb1_2&#8243; _builder_version=\u00bb4.27.4&#8243; _module_preset=\u00bbdefault\u00bb global_colors_info=\u00bb{}\u00bb][et_pb_text _builder_version=\u00bb4.27.4&#8243; _module_preset=\u00bbdefault\u00bb global_colors_info=\u00bb{}\u00bb]<\/p>\n<p style=\"text-align: justify;\">Al mismo tiempo, potenciamos la <strong data-start=\"1860\" data-end=\"1905\">vinculaci\u00f3n con empresas y organizaciones<\/strong>, dise\u00f1ando programas y espacios de encuentro que conectan el mundo acad\u00e9mico con los desaf\u00edos reales del entorno productivo.<\/p>\n<p data-start=\"2034\" data-end=\"2300\" style=\"text-align: justify;\">En el \u00e1mbito de <strong data-start=\"2050\" data-end=\"2084\">educaci\u00f3n continua<\/strong>, desarrollamos <strong data-start=\"2100\" data-end=\"2163\">diplomados, cursos y programas personalizados para empresas<\/strong>, orientados a fortalecer capacidades de innovaci\u00f3n, creatividad y trabajo interdisciplinario en profesionales y equipos de alto nivel.<\/p>\n<p data-start=\"2302\" data-end=\"2539\" style=\"text-align: justify;\">En iCubo creemos que <strong data-start=\"2323\" data-end=\"2390\">innovar es aprender a conectar saberes, personas y experiencias<\/strong>, y que la interdisciplina es la clave para formar profesionales capaces de transformar realidades y aportar soluciones con impacto en la sociedad.<\/p>\n<p><span data-contrast=\"auto\"><\/span><span style=\"font-size: 14px;\">\u00a0<\/span><\/p>\n<p>[\/et_pb_text][\/et_pb_column][\/et_pb_row][\/et_pb_section][et_pb_section fb_built=\u00bb1&#8243; _builder_version=\u00bb4.27.4&#8243; _module_preset=\u00bbdefault\u00bb custom_padding=\u00bb0px||29px|||\u00bb da_disable_devices=\u00bboff|off|off\u00bb global_colors_info=\u00bb{}\u00bb da_is_popup=\u00bboff\u00bb da_exit_intent=\u00bboff\u00bb da_has_close=\u00bbon\u00bb da_alt_close=\u00bboff\u00bb da_dark_close=\u00bboff\u00bb da_not_modal=\u00bbon\u00bb da_is_singular=\u00bboff\u00bb da_with_loader=\u00bboff\u00bb da_has_shadow=\u00bbon\u00bb][et_pb_row _builder_version=\u00bb4.27.4&#8243; _module_preset=\u00bbdefault\u00bb custom_padding=\u00bb0px|||||\u00bb global_colors_info=\u00bb{}\u00bb][et_pb_column type=\u00bb4_4&#8243; _builder_version=\u00bb4.27.4&#8243; _module_preset=\u00bbdefault\u00bb global_colors_info=\u00bb{}\u00bb][et_pb_text _builder_version=\u00bb4.27.4&#8243; _module_preset=\u00bbdefault\u00bb header_font=\u00bb&#8211;et_global_heading_font|800|||||||\u00bb header_text_align=\u00bbcenter\u00bb header_text_color=\u00bb#000000&#8243; header_font_size=\u00bb47px\u00bb header_line_height=\u00bb1.1em\u00bb header_4_font=\u00bb&#8211;et_global_heading_font|700||on|||||\u00bb header_4_text_color=\u00bb#000000&#8243; header_4_font_size=\u00bb16px\u00bb custom_margin=\u00bb24px||43px|||\u00bb header_font_size_tablet=\u00bb47px\u00bb header_font_size_phone=\u00bb35px\u00bb header_font_size_last_edited=\u00bbon|phone\u00bb global_colors_info=\u00bb{}\u00bb]<\/p>\n<h1 style=\"text-align: center;\">Nuestro equipo<\/h1>\n<p>[\/et_pb_text][et_pb_text _builder_version=\u00bb4.27.4&#8243; _module_preset=\u00bbdefault\u00bb header_4_font=\u00bb&#8211;et_global_heading_font|700||on|||||\u00bb header_4_text_align=\u00bbcenter\u00bb header_4_text_color=\u00bb#000000&#8243; header_4_font_size=\u00bb16px\u00bb custom_margin=\u00bb12px||12px|||\u00bb global_colors_info=\u00bb{}\u00bb]<\/p>\n<h4>Directorio<\/h4>\n<p>[\/et_pb_text][\/et_pb_column][\/et_pb_row][et_pb_row column_structure=\u00bb1_4,1_4,1_4,1_4&#8243; _builder_version=\u00bb4.27.4&#8243; _module_preset=\u00bbdefault\u00bb min_height=\u00bb387.1px\u00bb custom_padding=\u00bb1px|||||\u00bb global_colors_info=\u00bb{}\u00bb][et_pb_column type=\u00bb1_4&#8243; _builder_version=\u00bb4.27.4&#8243; _module_preset=\u00bbdefault\u00bb global_colors_info=\u00bb{}\u00bb][et_pb_image src=\u00bbhttps:\/\/test-icubo.udd.clwp-content\/uploads\/2025\/07\/1.png\u00bb title_text=\u00bbDaniel Contesse\u00bb align=\u00bbcenter\u00bb _builder_version=\u00bb4.27.4&#8243; _module_preset=\u00bbdefault\u00bb global_colors_info=\u00bb{}\u00bb][\/et_pb_image][et_pb_text _builder_version=\u00bb4.27.4&#8243; _module_preset=\u00bbdefault\u00bb global_colors_info=\u00bb{}\u00bb]<\/p>\n<p style=\"text-align: center;\"><strong><span data-contrast=\"auto\" xml:lang=\"ES-MX\" lang=\"ES-MX\" class=\"TextRun SCXW7434826 BCX0\"><span class=\"NormalTextRun SCXW7434826 BCX0\">Daniel <\/span><span class=\"NormalTextRun SpellingErrorV2Themed SCXW7434826 BCX0\">Contesse<\/span><\/span><\/strong><\/p>\n<p style=\"text-align: center;\"><span data-contrast=\"auto\" xml:lang=\"ES-MX\" lang=\"ES-MX\" class=\"TextRun SCXW7434826 BCX0\"><span class=\"NormalTextRun SCXW7434826 BCX0\">Vicerrector de innovaci\u00f3n y desarrollo <\/span><\/span><span class=\"EOP SCXW7434826 BCX0\" data-ccp-props=\"{&quot;134233117&quot;:false,&quot;134233118&quot;:false,&quot;201341983&quot;:0,&quot;335551550&quot;:0,&quot;335551620&quot;:0,&quot;335559738&quot;:0,&quot;335559739&quot;:160,&quot;335559740&quot;:257}\">\u00a0<\/span><\/p>\n<p>[\/et_pb_text][\/et_pb_column][et_pb_column type=\u00bb1_4&#8243; _builder_version=\u00bb4.27.4&#8243; _module_preset=\u00bbdefault\u00bb global_colors_info=\u00bb{}\u00bb][et_pb_image src=\u00bbhttps:\/\/test-icubo.udd.clwp-content\/uploads\/2025\/07\/2.png\u00bb title_text=\u00bbAlejandra Amenabar\u00bb align=\u00bbcenter\u00bb _builder_version=\u00bb4.27.4&#8243; _module_preset=\u00bbdefault\u00bb global_colors_info=\u00bb{}\u00bb][\/et_pb_image][et_pb_text _builder_version=\u00bb4.27.4&#8243; _module_preset=\u00bbdefault\u00bb global_colors_info=\u00bb{}\u00bb]<\/p>\n<p style=\"text-align: center;\"><strong>Alejandra Amen\u00e1bar\u00a0<\/strong><\/p>\n<p style=\"text-align: center;\"><span data-contrast=\"auto\">Decano Facultad de Dise\u00f1o<\/span><span data-ccp-props=\"{&quot;134233117&quot;:false,&quot;134233118&quot;:false,&quot;201341983&quot;:0,&quot;335551550&quot;:0,&quot;335551620&quot;:0,&quot;335559738&quot;:0,&quot;335559739&quot;:160,&quot;335559740&quot;:257}\">\u00a0<\/span><\/p>\n<p>[\/et_pb_text][\/et_pb_column][et_pb_column type=\u00bb1_4&#8243; _builder_version=\u00bb4.27.4&#8243; _module_preset=\u00bbdefault\u00bb global_colors_info=\u00bb{}\u00bb][et_pb_image src=\u00bbhttps:\/\/test-icubo.udd.clwp-content\/uploads\/2025\/07\/3.png\u00bb title_text=\u00bbMat\u00edas Lira\u00bb align=\u00bbcenter\u00bb _builder_version=\u00bb4.27.4&#8243; _module_preset=\u00bbdefault\u00bb global_colors_info=\u00bb{}\u00bb][\/et_pb_image][et_pb_text _builder_version=\u00bb4.27.4&#8243; _module_preset=\u00bbdefault\u00bb global_colors_info=\u00bb{}\u00bb]<\/p>\n<p style=\"text-align: center;\"><strong>Mat\u00edas Lira\u00a0<\/strong><\/p>\n<p style=\"text-align: center;\"><span data-contrast=\"auto\">Decano Facultad de Econom\u00eda y Negocios<\/span><span data-ccp-props=\"{&quot;134233117&quot;:false,&quot;134233118&quot;:false,&quot;201341983&quot;:0,&quot;335551550&quot;:0,&quot;335551620&quot;:0,&quot;335559738&quot;:0,&quot;335559739&quot;:160,&quot;335559740&quot;:257}\">\u00a0<\/span><\/p>\n<p>[\/et_pb_text][\/et_pb_column][et_pb_column type=\u00bb1_4&#8243; _builder_version=\u00bb4.27.4&#8243; _module_preset=\u00bbdefault\u00bb global_colors_info=\u00bb{}\u00bb][et_pb_image src=\u00bbhttps:\/\/test-icubo.udd.clwp-content\/uploads\/2025\/07\/4.png\u00bb title_text=\u00bbFernando Rojas\u00bb align=\u00bbcenter\u00bb _builder_version=\u00bb4.27.4&#8243; _module_preset=\u00bbdefault\u00bb global_colors_info=\u00bb{}\u00bb][\/et_pb_image][et_pb_text _builder_version=\u00bb4.27.4&#8243; _module_preset=\u00bbdefault\u00bb global_colors_info=\u00bb{}\u00bb]<\/p>\n<p style=\"text-align: center;\"><strong>Fernando Rojas\u00a0<\/strong><\/p>\n<p style=\"text-align: center;\"><span data-contrast=\"auto\">Decano Facultad de Ingenier\u00eda<\/span><span data-ccp-props=\"{&quot;134233117&quot;:false,&quot;134233118&quot;:false,&quot;201341983&quot;:0,&quot;335551550&quot;:0,&quot;335551620&quot;:0,&quot;335559738&quot;:0,&quot;335559739&quot;:160,&quot;335559740&quot;:257}\">\u00a0<\/span><\/p>\n<p>[\/et_pb_text][\/et_pb_column][\/et_pb_row][et_pb_row _builder_version=\u00bb4.27.4&#8243; _module_preset=\u00bbdefault\u00bb custom_margin=\u00bb-82px|auto||auto||\u00bb global_colors_info=\u00bb{}\u00bb][et_pb_column type=\u00bb4_4&#8243; _builder_version=\u00bb4.27.4&#8243; _module_preset=\u00bbdefault\u00bb global_colors_info=\u00bb{}\u00bb][et_pb_text _builder_version=\u00bb4.27.4&#8243; _module_preset=\u00bbdefault\u00bb header_4_font=\u00bb&#8211;et_global_heading_font|700||on|||||\u00bb header_4_text_align=\u00bbcenter\u00bb header_4_text_color=\u00bb#000000&#8243; header_4_font_size=\u00bb16px\u00bb custom_margin=\u00bb12px||12px|||\u00bb global_colors_info=\u00bb{}\u00bb]<\/p>\n<h4>Equipo iCubo UDD<\/h4>\n<p>[\/et_pb_text][\/et_pb_column][\/et_pb_row][et_pb_row column_structure=\u00bb1_4,1_4,1_4,1_4&#8243; _builder_version=\u00bb4.27.4&#8243; _module_preset=\u00bbdefault\u00bb global_colors_info=\u00bb{}\u00bb][et_pb_column type=\u00bb1_4&#8243; _builder_version=\u00bb4.27.4&#8243; _module_preset=\u00bbdefault\u00bb global_colors_info=\u00bb{}\u00bb][et_pb_image src=\u00bbhttps:\/\/test-icubo.udd.clwp-content\/uploads\/2025\/08\/1.png\u00bb title_text=\u00bb1&#8243; align=\u00bbcenter\u00bb _builder_version=\u00bb4.27.4&#8243; _module_preset=\u00bbdefault\u00bb global_colors_info=\u00bb{}\u00bb][\/et_pb_image][et_pb_text _builder_version=\u00bb4.27.4&#8243; _module_preset=\u00bbdefault\u00bb link_font=\u00bb||||on||||\u00bb link_text_color=\u00bb#0165A5&#8243; global_colors_info=\u00bb{}\u00bb]<\/p>\n<p style=\"text-align: center;\"><strong>Paul O\u2019Toole\u00a0<\/strong><\/p>\n<p style=\"text-align: center;\"><span data-contrast=\"auto\">Director Ejecutivo<\/span><span data-ccp-props=\"{&quot;134233117&quot;:false,&quot;134233118&quot;:false,&quot;201341983&quot;:0,&quot;335551550&quot;:0,&quot;335551620&quot;:0,&quot;335559738&quot;:0,&quot;335559739&quot;:160,&quot;335559740&quot;:257}\">\u00a0<\/span><\/p>\n<p style=\"text-align: center;\"><a href=\"mailto:paul@udd.cl\"><span data-contrast=\"none\">paul@udd.cl<\/span><\/a><span data-ccp-props=\"{&quot;134233117&quot;:false,&quot;134233118&quot;:false,&quot;201341983&quot;:0,&quot;335551550&quot;:0,&quot;335551620&quot;:0,&quot;335559738&quot;:0,&quot;335559739&quot;:160,&quot;335559740&quot;:257}\">\u00a0<\/span><\/p>\n<p>[\/et_pb_text][\/et_pb_column][et_pb_column type=\u00bb1_4&#8243; _builder_version=\u00bb4.27.4&#8243; _module_preset=\u00bbdefault\u00bb global_colors_info=\u00bb{}\u00bb][et_pb_image src=\u00bbhttps:\/\/test-icubo.udd.clwp-content\/uploads\/2025\/08\/2-1.png\u00bb title_text=\u00bb2 (1)\u00bb align=\u00bbcenter\u00bb _builder_version=\u00bb4.27.4&#8243; _module_preset=\u00bbdefault\u00bb global_colors_info=\u00bb{}\u00bb][\/et_pb_image][et_pb_text _builder_version=\u00bb4.27.4&#8243; _module_preset=\u00bbdefault\u00bb link_font=\u00bb||||on||||\u00bb link_text_color=\u00bb#0165A5&#8243; global_colors_info=\u00bb{}\u00bb]<\/p>\n<p style=\"text-align: center;\"><strong>Sebasti\u00e1n Merino<\/strong><span><strong>\u00a0<\/strong><br \/><\/span><span data-contrast=\"auto\"><\/span><\/p>\n<p style=\"text-align: center;\"><span data-contrast=\"auto\">Subdirector Acad\u00e9mico iCubo Santiago<\/span><\/p>\n<p style=\"text-align: center;\"><a href=\"mailto:sebastianmerino@udd.cl\"><span data-contrast=\"none\">sebastianmerino@udd.cl<\/span><\/a><span><br \/><\/span><\/p>\n<p>[\/et_pb_text][\/et_pb_column][et_pb_column type=\u00bb1_4&#8243; _builder_version=\u00bb4.27.4&#8243; _module_preset=\u00bbdefault\u00bb global_colors_info=\u00bb{}\u00bb][et_pb_image src=\u00bbhttps:\/\/test-icubo.udd.clwp-content\/uploads\/2025\/10\/5.jpeg\u00bb title_text=\u00bb5&#8243; align=\u00bbcenter\u00bb _builder_version=\u00bb4.27.4&#8243; _module_preset=\u00bbdefault\u00bb global_colors_info=\u00bb{}\u00bb][\/et_pb_image][et_pb_text _builder_version=\u00bb4.27.4&#8243; _module_preset=\u00bbdefault\u00bb link_font=\u00bb||||on||||\u00bb link_text_color=\u00bb#0165A5&#8243; global_colors_info=\u00bb{}\u00bb]<\/p>\n<p style=\"text-align: center;\"><strong>Carolina Huilcam\u00e1n\u00a0<\/strong><\/p>\n<p style=\"text-align: center;\"><span data-contrast=\"auto\">Subdirectora Acad\u00e9mica iCubo Concepci\u00f3n<\/span><span data-ccp-props=\"{&quot;134233117&quot;:false,&quot;134233118&quot;:false,&quot;201341983&quot;:0,&quot;335551550&quot;:0,&quot;335551620&quot;:0,&quot;335559738&quot;:0,&quot;335559739&quot;:160,&quot;335559740&quot;:257}\">\u00a0<\/span><\/p>\n<p style=\"text-align: center;\"><a href=\"mailto:c.huilcaman@udd.cl\"><span data-contrast=\"none\">c.huilcaman@udd.cl<\/span><\/a><span data-ccp-props=\"{&quot;134233117&quot;:false,&quot;134233118&quot;:false,&quot;201341983&quot;:0,&quot;335551550&quot;:0,&quot;335551620&quot;:0,&quot;335559738&quot;:0,&quot;335559739&quot;:160,&quot;335559740&quot;:257}\">\u00a0<\/span><\/p>\n<p>[\/et_pb_text][\/et_pb_column][et_pb_column type=\u00bb1_4&#8243; _builder_version=\u00bb4.27.4&#8243; _module_preset=\u00bbdefault\u00bb global_colors_info=\u00bb{}\u00bb][et_pb_image src=\u00bbhttps:\/\/test-icubo.udd.clwp-content\/uploads\/2025\/08\/3.png\u00bb title_text=\u00bb3&#8243; align=\u00bbcenter\u00bb _builder_version=\u00bb4.27.4&#8243; _module_preset=\u00bbdefault\u00bb global_colors_info=\u00bb{}\u00bb][\/et_pb_image][et_pb_text _builder_version=\u00bb4.27.4&#8243; _module_preset=\u00bbdefault\u00bb link_font=\u00bb||||on||||\u00bb link_text_color=\u00bb#0165A5&#8243; global_colors_info=\u00bb{}\u00bb]<\/p>\n<p style=\"text-align: center;\"><strong>Rodrigo Gajardo\u00a0<\/strong><\/p>\n<p style=\"text-align: center;\"><span data-contrast=\"auto\">Subdirector de Desarrollo Santiago<\/span><span data-ccp-props=\"{&quot;134233117&quot;:false,&quot;134233118&quot;:false,&quot;201341983&quot;:0,&quot;335551550&quot;:0,&quot;335551620&quot;:0,&quot;335559738&quot;:0,&quot;335559739&quot;:160,&quot;335559740&quot;:257}\">\u00a0<\/span><\/p>\n<p style=\"text-align: center;\"><a href=\"mailto:rgajardo@udd.cl\"><span data-contrast=\"none\">rgajardo@udd.cl<\/span><\/a><span data-ccp-props=\"{&quot;134233117&quot;:false,&quot;134233118&quot;:false,&quot;201341983&quot;:0,&quot;335551550&quot;:0,&quot;335551620&quot;:0,&quot;335559738&quot;:0,&quot;335559739&quot;:160,&quot;335559740&quot;:257}\">\u00a0<\/span><\/p>\n<p>[\/et_pb_text][\/et_pb_column][\/et_pb_row][et_pb_row column_structure=\u00bb1_4,1_4,1_4,1_4&#8243; _builder_version=\u00bb4.27.4&#8243; _module_preset=\u00bbdefault\u00bb global_colors_info=\u00bb{}\u00bb][et_pb_column type=\u00bb1_4&#8243; _builder_version=\u00bb4.27.4&#8243; _module_preset=\u00bbdefault\u00bb global_colors_info=\u00bb{}\u00bb][et_pb_image src=\u00bbhttps:\/\/test-icubo.udd.clwp-content\/uploads\/2025\/08\/7.png\u00bb title_text=\u00bb7&#8243; align=\u00bbcenter\u00bb _builder_version=\u00bb4.27.4&#8243; _module_preset=\u00bbdefault\u00bb global_colors_info=\u00bb{}\u00bb][\/et_pb_image][et_pb_text _builder_version=\u00bb4.27.4&#8243; _module_preset=\u00bbdefault\u00bb link_font=\u00bb||||on||||\u00bb link_text_color=\u00bb#0165A5&#8243; global_colors_info=\u00bb{}\u00bb]<\/p>\n<p style=\"text-align: center;\"><strong>Yara Saliba\u00a0<\/strong><\/p>\n<p style=\"text-align: center;\"><span data-contrast=\"auto\">Coordinadora Educaci\u00f3n Continua y Extensi\u00f3n<\/span><span data-ccp-props=\"{&quot;134233117&quot;:false,&quot;134233118&quot;:false,&quot;201341983&quot;:0,&quot;335551550&quot;:0,&quot;335551620&quot;:0,&quot;335559738&quot;:0,&quot;335559739&quot;:160,&quot;335559740&quot;:257}\">\u00a0<\/span><\/p>\n<p style=\"text-align: center;\"><a href=\"mailto:ccomas@udd.cl\"><span data-contrast=\"none\">yara.saliba@udd.cl<\/span><\/a><span data-ccp-props=\"{&quot;134233117&quot;:false,&quot;134233118&quot;:false,&quot;201341983&quot;:0,&quot;335551550&quot;:0,&quot;335551620&quot;:0,&quot;335559738&quot;:0,&quot;335559739&quot;:160,&quot;335559740&quot;:257}\">\u00a0<\/span><\/p>\n<p>[\/et_pb_text][\/et_pb_column][et_pb_column type=\u00bb1_4&#8243; _builder_version=\u00bb4.27.4&#8243; _module_preset=\u00bbdefault\u00bb global_colors_info=\u00bb{}\u00bb][et_pb_image src=\u00bbhttps:\/\/test-icubo.udd.clwp-content\/uploads\/2025\/08\/4.png\u00bb title_text=\u00bb4&#8243; align=\u00bbcenter\u00bb _builder_version=\u00bb4.27.4&#8243; _module_preset=\u00bbdefault\u00bb global_colors_info=\u00bb{}\u00bb][\/et_pb_image][et_pb_text _builder_version=\u00bb4.27.4&#8243; _module_preset=\u00bbdefault\u00bb link_font=\u00bb||||on||||\u00bb link_text_color=\u00bb#0165A5&#8243; global_colors_info=\u00bb{}\u00bb]<\/p>\n<p style=\"text-align: center;\"><strong>Ma Fernanda Rodr\u00edguez\u00a0<\/strong><\/p>\n<p style=\"text-align: center;\"><span data-contrast=\"auto\">Coordinadora dLab Santiago<\/span><span data-ccp-props=\"{&quot;134233117&quot;:false,&quot;134233118&quot;:false,&quot;201341983&quot;:0,&quot;335551550&quot;:0,&quot;335551620&quot;:0,&quot;335559738&quot;:0,&quot;335559739&quot;:160,&quot;335559740&quot;:257}\">\u00a0<\/span><\/p>\n<p style=\"text-align: center;\"><a href=\"mailto:marirodriguez@udd.cl\"><span data-contrast=\"none\">marirodriguez@udd.cl<\/span><\/a><span data-ccp-props=\"{&quot;134233117&quot;:false,&quot;134233118&quot;:false,&quot;201341983&quot;:0,&quot;335551550&quot;:0,&quot;335551620&quot;:0,&quot;335559738&quot;:0,&quot;335559739&quot;:160,&quot;335559740&quot;:257}\">\u00a0<\/span><\/p>\n<p>[\/et_pb_text][\/et_pb_column][et_pb_column type=\u00bb1_4&#8243; _builder_version=\u00bb4.27.4&#8243; _module_preset=\u00bbdefault\u00bb global_colors_info=\u00bb{}\u00bb][et_pb_image src=\u00bbhttps:\/\/test-icubo.udd.clwp-content\/uploads\/2025\/08\/6.png\u00bb title_text=\u00bb6&#8243; align=\u00bbcenter\u00bb _builder_version=\u00bb4.27.4&#8243; _module_preset=\u00bbdefault\u00bb global_colors_info=\u00bb{}\u00bb][\/et_pb_image][et_pb_text _builder_version=\u00bb4.27.4&#8243; _module_preset=\u00bbdefault\u00bb link_font=\u00bb||||on||||\u00bb link_text_color=\u00bb#0165A5&#8243; global_colors_info=\u00bb{}\u00bb]<\/p>\n<p style=\"text-align: center;\"><strong>Francesco Rodr\u00edguez \u00a0<\/strong><\/p>\n<p style=\"text-align: center;\"><span data-contrast=\"auto\">Coordinador Interdisciplina Santiago<\/span><span data-ccp-props=\"{&quot;134233117&quot;:false,&quot;134233118&quot;:false,&quot;201341983&quot;:0,&quot;335551550&quot;:0,&quot;335551620&quot;:0,&quot;335559738&quot;:0,&quot;335559739&quot;:160,&quot;335559740&quot;:257}\">\u00a0<\/span><\/p>\n<p style=\"text-align: center;\"><a href=\"mailto:frarodriguez@udd.cl\"><span data-contrast=\"none\">frarodriguez@udd.cl<\/span><\/a><span data-ccp-props=\"{}\">\u00a0<\/span><\/p>\n<p>[\/et_pb_text][\/et_pb_column][et_pb_column type=\u00bb1_4&#8243; _builder_version=\u00bb4.27.4&#8243; _module_preset=\u00bbdefault\u00bb global_colors_info=\u00bb{}\u00bb][et_pb_image src=\u00bbhttps:\/\/test-icubo.udd.clwp-content\/uploads\/2025\/08\/9.png\u00bb title_text=\u00bb9&#8243; align=\u00bbcenter\u00bb _builder_version=\u00bb4.27.4&#8243; _module_preset=\u00bbdefault\u00bb global_colors_info=\u00bb{}\u00bb][\/et_pb_image][et_pb_text _builder_version=\u00bb4.27.4&#8243; _module_preset=\u00bbdefault\u00bb link_font=\u00bb||||on||||\u00bb link_text_color=\u00bb#0165A5&#8243; global_colors_info=\u00bb{}\u00bb]<\/p>\n<p style=\"text-align: center;\"><strong>Isabel Ch\u00e1vez\u00a0<\/strong><\/p>\n<p style=\"text-align: center;\"><span data-contrast=\"auto\">Coordinadora Interdisciplina Concepci\u00f3n<\/span><span data-ccp-props=\"{&quot;134233117&quot;:false,&quot;134233118&quot;:false,&quot;201341983&quot;:0,&quot;335551550&quot;:0,&quot;335551620&quot;:0,&quot;335559738&quot;:0,&quot;335559739&quot;:160,&quot;335559740&quot;:257}\">\u00a0<\/span><\/p>\n<p style=\"text-align: center;\"><a href=\"mailto:isabelchavez@udd.cl\"><span data-contrast=\"none\">isabelchavez@udd.cl<\/span><\/a><span data-ccp-props=\"{&quot;134233117&quot;:false,&quot;134233118&quot;:false,&quot;201341983&quot;:0,&quot;335551550&quot;:0,&quot;335551620&quot;:0,&quot;335559738&quot;:0,&quot;335559739&quot;:160,&quot;335559740&quot;:257}\">\u00a0<\/span><\/p>\n<p>[\/et_pb_text][\/et_pb_column][\/et_pb_row][\/et_pb_section][et_pb_section fb_built=\u00bb1&#8243; _builder_version=\u00bb4.27.4&#8243; _module_preset=\u00bbdefault\u00bb background_color=\u00bb#1c1c1c\u00bb da_disable_devices=\u00bboff|off|off\u00bb global_colors_info=\u00bb{}\u00bb da_is_popup=\u00bboff\u00bb da_exit_intent=\u00bboff\u00bb da_has_close=\u00bbon\u00bb da_alt_close=\u00bboff\u00bb da_dark_close=\u00bboff\u00bb da_not_modal=\u00bbon\u00bb da_is_singular=\u00bboff\u00bb da_with_loader=\u00bboff\u00bb da_has_shadow=\u00bbon\u00bb][et_pb_row _builder_version=\u00bb4.27.4&#8243; _module_preset=\u00bbdefault\u00bb global_colors_info=\u00bb{}\u00bb][et_pb_column type=\u00bb4_4&#8243; _builder_version=\u00bb4.27.4&#8243; _module_preset=\u00bbdefault\u00bb global_colors_info=\u00bb{}\u00bb][et_pb_text _builder_version=\u00bb4.27.4&#8243; _module_preset=\u00bbdefault\u00bb header_4_font=\u00bb&#8211;et_global_heading_font|700||on|||||\u00bb header_4_text_align=\u00bbcenter\u00bb header_4_text_color=\u00bb#FFFFFF\u00bb header_4_font_size=\u00bb16px\u00bb custom_margin=\u00bb12px||12px|||\u00bb global_colors_info=\u00bb{}\u00bb]<\/p>\n<h4>Esc\u00fachanos<\/h4>\n<p>[\/et_pb_text][et_pb_text _builder_version=\u00bb4.27.4&#8243; _module_preset=\u00bbdefault\u00bb header_font=\u00bb&#8211;et_global_heading_font|800|||||||\u00bb header_text_align=\u00bbcenter\u00bb header_text_color=\u00bb#FFFFFF\u00bb header_font_size=\u00bb47px\u00bb header_line_height=\u00bb1.1em\u00bb header_4_font=\u00bb&#8211;et_global_heading_font|700||on|||||\u00bb header_4_text_color=\u00bb#000000&#8243; header_4_font_size=\u00bb16px\u00bb custom_margin=\u00bb24px||43px|||\u00bb header_font_size_tablet=\u00bb47px\u00bb header_font_size_phone=\u00bb35px\u00bb header_font_size_last_edited=\u00bbon|phone\u00bb global_colors_info=\u00bb{}\u00bb]<\/p>\n<h1>Conoce nuestro podcast<\/h1>\n<p>[\/et_pb_text][et_pb_code _builder_version=\u00bb4.27.4&#8243; _module_preset=\u00bbdefault\u00bb global_colors_info=\u00bb{}\u00bb]<\/p>\n<div style=\"text-align: center;\"><!-- [et_pb_line_break_holder] --><iframe style=\"border-radius:12px\" src=\"https:\/\/open.spotify.com\/embed\/show\/0E5oocevPXPB6dCInYQofR?utm_source=generator\" width=\"70%\" height=\"200\" frameBorder=\"0\" allowfullscreen=\"\" allow=\"autoplay; clipboard-write; encrypted-media; fullscreen; picture-in-picture\" loading=\"lazy\"><\/iframe><!-- [et_pb_line_break_holder] --><\/div>\n<p>[\/et_pb_code][\/et_pb_column][\/et_pb_row][\/et_pb_section]<\/p>\n","protected":false},"excerpt":{"rendered":"<p>Quienes somosiCubo es el Instituto de Innovaci\u00f3n e Interdisciplina de la Universidad del Desarrollo. Naci\u00f3 en 2009 como una iniciativa acad\u00e9mica conjunta entre las facultades de Dise\u00f1o, Ingenier\u00eda y Negocios, con la misi\u00f3n de impulsar y consolidar una verdadera cultura de innovaci\u00f3n e interdisciplina. Desde sus or\u00edgenes ha mantenido una alianza estrat\u00e9gica con el Stanford [&hellip;]<\/p>\n","protected":false},"author":1,"featured_media":0,"parent":0,"menu_order":0,"comment_status":"closed","ping_status":"closed","template":"","meta":{"_acf_changed":false,"_et_pb_use_builder":"on","_et_pb_old_content":"","_et_gb_content_width":"","footnotes":""},"class_list":["post-274","page","type-page","status-publish","hentry"],"acf":[],"_links":{"self":[{"href":"https:\/\/test-icubo.udd.cl\/index.php\/wp-json\/wp\/v2\/pages\/274","targetHints":{"allow":["GET"]}}],"collection":[{"href":"https:\/\/test-icubo.udd.cl\/index.php\/wp-json\/wp\/v2\/pages"}],"about":[{"href":"https:\/\/test-icubo.udd.cl\/index.php\/wp-json\/wp\/v2\/types\/page"}],"author":[{"embeddable":true,"href":"https:\/\/test-icubo.udd.cl\/index.php\/wp-json\/wp\/v2\/users\/1"}],"replies":[{"embeddable":true,"href":"https:\/\/test-icubo.udd.cl\/index.php\/wp-json\/wp\/v2\/comments?post=274"}],"version-history":[{"count":34,"href":"https:\/\/test-icubo.udd.cl\/index.php\/wp-json\/wp\/v2\/pages\/274\/revisions"}],"predecessor-version":[{"id":2384,"href":"https:\/\/test-icubo.udd.cl\/index.php\/wp-json\/wp\/v2\/pages\/274\/revisions\/2384"}],"wp:attachment":[{"href":"https:\/\/test-icubo.udd.cl\/index.php\/wp-json\/wp\/v2\/media?parent=274"}],"curies":[{"name":"wp","href":"https:\/\/api.w.org\/{rel}","templated":true}]}}